{"id":6396,"date":"2023-01-25T22:04:58","date_gmt":"2023-01-25T21:04:58","guid":{"rendered":"https:\/\/www.helpfordesk.com\/hu\/?page_id=6396"},"modified":"2023-04-25T17:38:56","modified_gmt":"2023-04-25T15:38:56","slug":"gdpr-megfeleles","status":"publish","type":"page","link":"https:\/\/www.helpfordesk.com\/hu\/gdpr-megfeleles\/","title":{"rendered":"Gdpr megfelel\u00e9s"},"content":{"rendered":"<p><div class=\"fusion-fullwidth fullwidth-box fusion-builder-row-1 fusion-flex-container has-pattern-background has-mask-background nonhundred-percent-fullwidth non-hundred-percent-height-scrolling\" style=\"--awb-border-radius-top-left:0px;--awb-border-radius-top-right:0px;--awb-border-radius-bottom-right:0px;--awb-border-radius-bottom-left:0px;--awb-flex-wrap:wrap;\" ><div class=\"fusion-builder-row fusion-row fusion-flex-align-items-flex-start fusion-flex-content-wrap\" style=\"max-width:1248px;margin-left: calc(-4% \/ 2 );margin-right: calc(-4% \/ 2 );\"><div class=\"fusion-layout-column fusion_builder_column fusion-builder-column-0 fusion_builder_column_1_1 1_1 fusion-flex-column\" style=\"--awb-bg-size:cover;--awb-width-large:100%;--awb-margin-top-large:0px;--awb-spacing-right-large:1.92%;--awb-margin-bottom-large:20px;--awb-spacing-left-large:1.92%;--awb-width-medium:100%;--awb-order-medium:0;--awb-spacing-right-medium:1.92%;--awb-spacing-left-medium:1.92%;--awb-width-small:100%;--awb-order-small:0;--awb-spacing-right-small:1.92%;--awb-spacing-left-small:1.92%;\"><div class=\"fusion-column-wrapper fusion-column-has-shadow fusion-flex-justify-content-flex-start fusion-content-layout-column\"><div class=\"fusion-title title fusion-title-1 fusion-sep-none fusion-title-center fusion-title-text fusion-title-size-one\" style=\"--awb-margin-top-small:10px;--awb-margin-right-small:0px;--awb-margin-bottom-small:10px;--awb-margin-left-small:0px;\"><h1 class=\"fusion-title-heading title-heading-center\" style=\"margin:0;\">Gdpr megfelel\u00e9s fontoss\u00e1ga.<\/h1><\/div><\/div><\/div><div class=\"fusion-layout-column fusion_builder_column fusion-builder-column-1 fusion_builder_column_1_2 1_2 fusion-flex-column\" style=\"--awb-bg-size:cover;--awb-width-large:50%;--awb-margin-top-large:0px;--awb-spacing-right-large:3.84%;--awb-margin-bottom-large:20px;--awb-spacing-left-large:3.84%;--awb-width-medium:50%;--awb-order-medium:0;--awb-spacing-right-medium:3.84%;--awb-spacing-left-medium:3.84%;--awb-width-small:100%;--awb-order-small:0;--awb-spacing-right-small:1.92%;--awb-spacing-left-small:1.92%;\"><div class=\"fusion-column-wrapper fusion-column-has-shadow fusion-flex-justify-content-flex-start fusion-content-layout-column\"><div class=\"fusion-title title fusion-title-2 fusion-sep-none fusion-title-text fusion-title-size-two\" style=\"--awb-margin-top-small:10px;--awb-margin-right-small:0px;--awb-margin-bottom-small:10px;--awb-margin-left-small:0px;\"><h2 class=\"fusion-title-heading title-heading-left\" style=\"margin:0;\">A GDPR megfelel\u0151s\u00e9g \u00e9s az adatv\u00e9delem meg\u00e9rt\u00e9se<\/h2><\/div><div class=\"fusion-text fusion-text-1\"><p>A GDPR megfelel\u00e9s bonyolult \u00e9s id\u0151ig\u00e9nyes folyamat lehet. Emiatt minden m\u00e9ret\u0171 szervezet nehezen k\u00f6veti a folyamatosan v\u00e1ltoz\u00f3 szab\u00e1lyoz\u00e1st. Innovat\u00edv GDPR megfelel\u0151s\u00e9gi megold\u00e1sunk leegyszer\u0171s\u00edti a folyamatot, lehet\u0151v\u00e9 t\u00e9ve, hogy gyorsan \u00e9s egyszer\u0171en megfeleljen a leg\u00fajabb szab\u00e1lyoz\u00e1si v\u00e1ltoz\u00e1soknak. Automatiz\u00e1lt rendszer\u00fcnket \u00fagy alak\u00edtottuk ki, hogy id\u0151t \u00e9s p\u00e9nzt takar\u00edtson meg, mik\u00f6zben biztos\u00edtja, hogy szervezete mindig naprak\u00e9sz \u00e9s megfelel\u0151 legyen. \u00c1tfog\u00f3 eszk\u00f6zk\u00e9szlet\u00fcnkkel biztos lehet benne, hogy szervezete megfelel az el\u0151\u00edr\u00e1soknak<\/p>\n<\/div><div class=\"fusion-text fusion-text-2\"><p>Tudj meg t\u00f6bbet a <strong><a href=\"https:\/\/www.helpfordesk.com\/hu\/helpfordesk-es-a-gdpr\/\">Helpfordesk \u00e9s a GDPR megfelel\u00e9s-r\u00f5l<\/a> <\/strong><\/p>\n<\/div><\/div><\/div><div class=\"fusion-layout-column fusion_builder_column fusion-builder-column-2 fusion_builder_column_1_2 1_2 fusion-flex-column\" style=\"--awb-bg-size:cover;--awb-width-large:50%;--awb-margin-top-large:0px;--awb-spacing-right-large:3.84%;--awb-margin-bottom-large:20px;--awb-spacing-left-large:3.84%;--awb-width-medium:50%;--awb-order-medium:0;--awb-spacing-right-medium:3.84%;--awb-spacing-left-medium:3.84%;--awb-width-small:100%;--awb-order-small:0;--awb-spacing-right-small:1.92%;--awb-spacing-left-small:1.92%;\"><div class=\"fusion-column-wrapper fusion-column-has-shadow fusion-flex-justify-content-flex-start fusion-content-layout-column\"><div class=\"fusion-title title fusion-title-3 fusion-sep-none fusion-title-text fusion-title-size-three\" style=\"--awb-margin-top-small:10px;--awb-margin-right-small:0px;--awb-margin-bottom-small:10px;--awb-margin-left-small:0px;\"><h3 class=\"fusion-title-heading title-heading-left\" style=\"margin:0;\">Hogyan v\u00e9gezz\u00fcnk GDPR kock\u00e1zat\u00e9rt\u00e9kel\u00e9st \u00e9s ker\u00fclj\u00fck el a b\u00edrs\u00e1gokat<\/h3><\/div><div class=\"fusion-text fusion-text-3\"><p>Agg\u00f3dik a GDPR megfelel\u00e9s miatt? Hadd oldjuk meg helyetted a f\u00e1rads\u00e1got! Speci\u00e1lis szoftver\u00fcnk seg\u00edt gyorsan \u00e9s egyszer\u0171en teljes\u00edteni a GDPR szerinti k\u00f6telezetts\u00e9geit. Gondoskodunk arr\u00f3l, hogy minden adatot biztons\u00e1gosan t\u00e1roljunk, \u00e9s minden folyamat \u00e1tl\u00e1that\u00f3 \u00e9s megfeleljen a jogszab\u00e1lyoknak. R\u00e1ad\u00e1sul szak\u00e9rt\u0151i csapatunk mindig k\u00e9szen \u00e1ll, hogy t\u00e1mogat\u00e1st \u00e9s tan\u00e1csot adjon, amikor csak sz\u00fcks\u00e9ge van r\u00e1. Pr\u00f3b\u00e1ljon ki minket m\u00e9g ma, \u00e9s n\u00e9zze meg, mi\u00e9rt v\u00e1lasztott m\u00e1r olyan sok szervezet minket, hogy seg\u00edts\u00fcnk nekik megfelelni a GDPR-el\u0151\u00edr\u00e1soknak!<\/p>\n<\/div><\/div><\/div><\/div><\/div><div class=\"fusion-fullwidth fullwidth-box fusion-builder-row-2 fusion-flex-container has-pattern-background has-mask-background nonhundred-percent-fullwidth non-hundred-percent-height-scrolling\" style=\"--awb-border-radius-top-left:0px;--awb-border-radius-top-right:0px;--awb-border-radius-bottom-right:0px;--awb-border-radius-bottom-left:0px;--awb-flex-wrap:wrap;\" ><div class=\"fusion-builder-row fusion-row fusion-flex-align-items-flex-start fusion-flex-content-wrap\" style=\"max-width:1248px;margin-left: calc(-4% \/ 2 );margin-right: calc(-4% \/ 2 );\"><div class=\"fusion-layout-column fusion_builder_column fusion-builder-column-3 fusion_builder_column_1_2 1_2 fusion-flex-column\" style=\"--awb-bg-size:cover;--awb-width-large:50%;--awb-margin-top-large:0px;--awb-spacing-right-large:3.84%;--awb-margin-bottom-large:20px;--awb-spacing-left-large:3.84%;--awb-width-medium:50%;--awb-order-medium:0;--awb-spacing-right-medium:3.84%;--awb-spacing-left-medium:3.84%;--awb-width-small:100%;--awb-order-small:0;--awb-spacing-right-small:1.92%;--awb-spacing-left-small:1.92%;\"><div class=\"fusion-column-wrapper fusion-column-has-shadow fusion-flex-justify-content-flex-start fusion-content-layout-column\"><div class=\"fusion-image-element \" style=\"--awb-caption-title-font-family:var(--h2_typography-font-family);--awb-caption-title-font-weight:var(--h2_typography-font-weight);--awb-caption-title-font-style:var(--h2_typography-font-style);--awb-caption-title-size:var(--h2_typography-font-size);--awb-caption-title-transform:var(--h2_typography-text-transform);--awb-caption-title-line-height:var(--h2_typography-line-height);--awb-caption-title-letter-spacing:var(--h2_typography-letter-spacing);\"><span class=\" fusion-imageframe imageframe-none imageframe-1 hover-type-none\"><img decoding=\"async\" width=\"800\" height=\"600\" alt=\"Gdpr megfelel\u00e9s\" title=\"Helpfordesk gdpr A Helpfordesk.com \u00fcgyfelei adatkezel\u0151k\u00e9nt j\u00e1rnak el minden olyan szem\u00e9lyes adat tekintet\u00e9ben, amelyet a Helpfordesk.com-nak a Helpfordesk.com szolg\u00e1ltat\u00e1sainak haszn\u00e1lat\u00e1val kapcsolatban adnak \u00e1t.\" src=\"https:\/\/www.helpfordesk.com\/hu\/wp-content\/uploads\/sites\/2\/2022\/12\/helpfordesk_gdpr.jpg\" data-orig-src=\"https:\/\/www.helpfordesk.com\/hu\/wp-content\/uploads\/2022\/12\/helpfordesk_gdpr.jpg\" class=\"lazyload img-responsive wp-image-5376\" srcset=\"data:image\/svg+xml,%3Csvg%20xmlns%3D%27http%3A%2F%2Fwww.w3.org%2F2000%2Fsvg%27%20width%3D%27800%27%20height%3D%27600%27%20viewBox%3D%270%200%20800%20600%27%3E%3Crect%20width%3D%27800%27%20height%3D%27600%27%20fill-opacity%3D%220%22%2F%3E%3C%2Fsvg%3E\" data-srcset=\"https:\/\/www.helpfordesk.com\/hu\/wp-content\/uploads\/sites\/2\/2022\/12\/helpfordesk_gdpr-200x150.jpg 200w, https:\/\/www.helpfordesk.com\/hu\/wp-content\/uploads\/sites\/2\/2022\/12\/helpfordesk_gdpr-400x300.jpg 400w, https:\/\/www.helpfordesk.com\/hu\/wp-content\/uploads\/sites\/2\/2022\/12\/helpfordesk_gdpr-600x450.jpg 600w, https:\/\/www.helpfordesk.com\/hu\/wp-content\/uploads\/sites\/2\/2022\/12\/helpfordesk_gdpr.jpg 800w\" data-sizes=\"auto\" data-orig-sizes=\"(max-width: 640px) 100vw, 600px\" \/><\/span><\/div><\/div><\/div><div class=\"fusion-layout-column fusion_builder_column fusion-builder-column-4 fusion_builder_column_1_2 1_2 fusion-flex-column\" style=\"--awb-bg-size:cover;--awb-width-large:50%;--awb-margin-top-large:0px;--awb-spacing-right-large:3.84%;--awb-margin-bottom-large:20px;--awb-spacing-left-large:3.84%;--awb-width-medium:50%;--awb-order-medium:0;--awb-spacing-right-medium:3.84%;--awb-spacing-left-medium:3.84%;--awb-width-small:100%;--awb-order-small:0;--awb-spacing-right-small:1.92%;--awb-spacing-left-small:1.92%;\"><div class=\"fusion-column-wrapper fusion-column-has-shadow fusion-flex-justify-content-flex-start fusion-content-layout-column\"><div class=\"fusion-text fusion-text-4\"><p>A GDPR bevezet\u00e9s\u00e9vel a megfelel\u00e9s komoly kih\u00edv\u00e1ss\u00e1 v\u00e1lt a v\u00e1llalkoz\u00e1sok sz\u00e1m\u00e1ra. Megold\u00e1sunk seg\u00edt a v\u00e1llalkoz\u00e1soknak biztos\u00edtani, hogy megfeleljenek az \u00f6sszes GDPR-el\u0151\u00edr\u00e1snak, a k\u00e9zi er\u0151fesz\u00edt\u00e9sek n\u00e9lk\u00fcl. K\u00f6nnyen haszn\u00e1lhat\u00f3 fel\u00fcletet biztos\u00edtunk, amely lehet\u0151v\u00e9 teszi a v\u00e1llalkoz\u00e1sok sz\u00e1m\u00e1ra, hogy gyorsan \u00e9s pontosan azonos\u00edts\u00e1k \u00e9s kezelj\u00e9k a GDPR esetleges megs\u00e9rt\u00e9s\u00e9t. \u00dcgyfeleink m\u00e1r t\u00f6bb ezer \u00f3r\u00e1t \u00e9s t\u00f6bb ezer forintot takar\u00edtottak meg a megfelel\u00e9si k\u00f6lts\u00e9geken term\u00e9k\u00fcnk haszn\u00e1lat\u00e1val \u2013 <a href=\"https:\/\/www.helpfordesk.com\/signup?lang=hu\">pr\u00f3b\u00e1lja ki m\u00e9g ma, \u00e9s tapasztalja meg a k\u00e9nyelmet!<\/a><\/p>\n<\/div><div class=\"fusion-text fusion-text-5\"><p><a href=\"https:\/\/gdprszakerto.hu\/\">Tudj meg t\u00f6bbet, mi\u00e9rt lehet sz\u00fcks\u00e9ges GDPR tan\u00e1csad\u00e1s \u00e9s audit, \u00e9s mit foglal mag\u00e1ban?<\/a><\/p>\n<p>T\u00e9m\u00e1val b\u0151vebben foglakoz\u00f3 oldlak \u00e9s c\u00e9gek :<\/p>\n<p><a href=\"http:\/\/www.adatjog.hu\/\">www.adatjog.hu<\/a><\/p>\n<p><a href=\"http:\/\/www.hazassagiszerzodes.eu\/\">www.hazassagiszerzodes.eu<\/a><\/p>\n<p><a href=\"http:\/\/www.juhaszcsvila.com\/\">www.juhaszcsvila.com<\/a><\/p>\n<\/div><\/div><\/div><\/div><\/div><div class=\"fusion-fullwidth fullwidth-box fusion-builder-row-3 fusion-flex-container has-pattern-background has-mask-background nonhundred-percent-fullwidth non-hundred-percent-height-scrolling\" style=\"--awb-border-radius-top-left:0px;--awb-border-radius-top-right:0px;--awb-border-radius-bottom-right:0px;--awb-border-radius-bottom-left:0px;--awb-flex-wrap:wrap;\" ><div class=\"fusion-builder-row fusion-row fusion-flex-align-items-flex-start fusion-flex-content-wrap\" style=\"max-width:1248px;margin-left: calc(-4% \/ 2 );margin-right: calc(-4% \/ 2 );\"><div class=\"fusion-layout-column fusion_builder_column fusion-builder-column-5 fusion_builder_column_1_1 1_1 fusion-flex-column\" style=\"--awb-bg-size:cover;--awb-width-large:100%;--awb-margin-top-large:0px;--awb-spacing-right-large:1.92%;--awb-margin-bottom-large:20px;--awb-spacing-left-large:1.92%;--awb-width-medium:100%;--awb-order-medium:0;--awb-spacing-right-medium:1.92%;--awb-spacing-left-medium:1.92%;--awb-width-small:100%;--awb-order-small:0;--awb-spacing-right-small:1.92%;--awb-spacing-left-small:1.92%;\"><div class=\"fusion-column-wrapper fusion-column-has-shadow fusion-flex-justify-content-flex-start fusion-content-layout-column\"><div class=\"fusion-text fusion-text-6\"><p>A <a href=\"https:\/\/www.helpfordesk.com\/hu\/helpfordesk-es-a-gdpr\/\">GDPR-megfelel\u00e9s<\/a>nek k\u00f6sz\u00f6nhet\u0151en a v\u00e1llalkoz\u00e1sok a szab\u00e1lyoz\u00e1sok \u00f6sszetett labirintus\u00e1val n\u00e9znek szembe. Megold\u00e1sunk leegyszer\u0171s\u00edti a folyamatot b\u00e1rmilyen m\u00e9ret\u0171 v\u00e1llalkoz\u00e1s sz\u00e1m\u00e1ra, lehet\u0151v\u00e9 t\u00e9ve sz\u00e1mukra, hogy gyorsan \u00e9s egyszer\u0171en meg\u00e9rts\u00e9k k\u00f6telezetts\u00e9geiket, \u00e9s megv\u00e9dj\u00e9k adataikat. Term\u00e9k\u00fcnk k\u00f6nnyen haszn\u00e1lhat\u00f3 ir\u00e1ny\u00edt\u00f3pultot, r\u00e9szletes dokument\u00e1ci\u00f3t \u00e9s \u00e1tfog\u00f3 \u00fatmutat\u00e1st k\u00edn\u00e1l annak biztos\u00edt\u00e1s\u00e1ra, hogy v\u00e1llalkoz\u00e1sa megfeleljen a GDPR-nak. Emellett a h\u00e9t minden napj\u00e1n, munkaidoben \u00fcgyf\u00e9lszolg\u00e1latot k\u00edn\u00e1lunk, hogy megv\u00e1laszoljuk az esetleges k\u00e9rd\u00e9seket. N\u00e1lunk biztos lehet benne, hogy adatai biztons\u00e1gban vannak, \u00e9s megfelelnek a leg\u00fajabb el\u0151\u00edr\u00e1soknak.<\/p>\n<\/div><\/div><\/div><\/div><\/div><div class=\"fusion-fullwidth fullwidth-box fusion-builder-row-4 fusion-flex-container has-pattern-background has-mask-background nonhundred-percent-fullwidth non-hundred-percent-height-scrolling\" style=\"--awb-border-radius-top-left:0px;--awb-border-radius-top-right:0px;--awb-border-radius-bottom-right:0px;--awb-border-radius-bottom-left:0px;--awb-flex-wrap:wrap;\" ><div class=\"fusion-builder-row fusion-row fusion-flex-align-items-flex-start fusion-flex-content-wrap\" style=\"max-width:1248px;margin-left: calc(-4% \/ 2 );margin-right: calc(-4% \/ 2 );\"><div class=\"fusion-layout-column fusion_builder_column fusion-builder-column-6 fusion_builder_column_1_1 1_1 fusion-flex-column\" style=\"--awb-bg-size:cover;--awb-width-large:100%;--awb-margin-top-large:0px;--awb-spacing-right-large:1.92%;--awb-margin-bottom-large:20px;--awb-spacing-left-large:1.92%;--awb-width-medium:100%;--awb-order-medium:0;--awb-spacing-right-medium:1.92%;--awb-spacing-left-medium:1.92%;--awb-width-small:100%;--awb-order-small:0;--awb-spacing-right-small:1.92%;--awb-spacing-left-small:1.92%;\"><div class=\"fusion-column-wrapper fusion-column-has-shadow fusion-flex-justify-content-flex-start fusion-content-layout-column\"><div class=\"fusion-text fusion-text-7\"><ul>\n<li>\u00c1ltal\u00e1nos Szerz\u0151d\u00e9si Felt\u00e9telek (\u00c1SZF) elk\u00e9sz\u00edt\u00e9se<\/li>\n<li>\u00c1SZF-ek audit\u00e1l\u00e1sa, fel\u00fclvizsg\u00e1lata ,folyamatos friss\u00edt\u00e9se, \u00c1SZF gener\u00e1tor<\/li>\n<li>Weboldalakkal, web\u00e1ruh\u00e1zakkal kapcsolatos hirdet\u00e9si szerz\u0151d\u00e9sek, adatfeldolgoz\u00e1si szerz\u00f5d\u00e9s<\/li>\n<li>Adatv\u00e9delmi t\u00e1j\u00e9koztat\u00f3, nyilatkozat vagy szab\u00e1lyzat<\/li>\n<li>Bels\u0151 adatv\u00e9delmi szab\u00e1lyzat elk\u00e9sz\u00edt\u00e9se<\/li>\n<li>Adatkezel\u00e9si t\u00e1j\u00e9koztat\u00f3<\/li>\n<li>GDPR tan\u00e1csad\u00e1s, GDPR audit, GDPR teljes megfeleltet\u00e9se<\/li>\n<li>\u00c9rdekm\u00e9rlegel\u00e9si teszt, adatv\u00e9delmi hat\u00e1svizsg\u00e1lat k\u00e9sz\u00edt\u00e9se<\/li>\n<li>Adatv\u00e9delmi tan\u00e1csad\u00e1s, Adatv\u00e9delmi felel\u0151s, tisztvisel\u0151 (DPO)<\/li>\n<li>Kamer\u00e1k jogszer\u00fb haszn\u00e1lata, kamer\u00e1k adatkezel\u00e9si t\u00e1j\u00e9koztat\u00f3j\u00e1nak k\u00e9sz\u00edt\u00e9se , vagyonv\u00e9delmi<\/li>\n<li>Digit\u00e1lis jog , internetjog, szerz\u0151i jog, adatv\u00e9delmi jog.<\/li>\n<\/ul>\n<\/div><\/div><\/div><\/div><\/div><div class=\"fusion-fullwidth fullwidth-box fusion-builder-row-5 fusion-flex-container has-pattern-background has-mask-background nonhundred-percent-fullwidth non-hundred-percent-height-scrolling\" style=\"--awb-border-radius-top-left:0px;--awb-border-radius-top-right:0px;--awb-border-radius-bottom-right:0px;--awb-border-radius-bottom-left:0px;--awb-flex-wrap:wrap;\" ><div class=\"fusion-builder-row fusion-row fusion-flex-align-items-flex-start fusion-flex-content-wrap\" style=\"max-width:1248px;margin-left: calc(-4% \/ 2 );margin-right: calc(-4% \/ 2 );\"><div class=\"fusion-layout-column fusion_builder_column fusion-builder-column-7 fusion_builder_column_1_1 1_1 fusion-flex-column\" style=\"--awb-bg-size:cover;--awb-width-large:100%;--awb-margin-top-large:0px;--awb-spacing-right-large:1.92%;--awb-margin-bottom-large:20px;--awb-spacing-left-large:1.92%;--awb-width-medium:100%;--awb-order-medium:0;--awb-spacing-right-medium:1.92%;--awb-spacing-left-medium:1.92%;--awb-width-small:100%;--awb-order-small:0;--awb-spacing-right-small:1.92%;--awb-spacing-left-small:1.92%;\"><div class=\"fusion-column-wrapper fusion-column-has-shadow fusion-flex-justify-content-flex-start fusion-content-layout-column\"><style type=\"text\/css\">#accordian-1 .fusion-panel:hover,#accordian-1 .fusion-panel.hover{ background-color: var(--awb-color2) } #accordian-1 .fusion-panel { border-color:hsla(var(--awb-color4-h),var(--awb-color4-s),var(--awb-color4-l),calc(var(--awb-color4-a) - 90%)); border-width:1px; background-color:var(--awb-color1); }.fusion-accordian #accordian-1 .panel-title a .fa-fusion-box:before{ font-size: 16px;width: 16px;}.fusion-accordian #accordian-1 .panel-title a .fa-fusion-box{ color: var(--awb-color1);}.fusion-accordian #accordian-1.fusion-toggle-icon-right .fusion-toggle-heading{ margin-right: 34px;}.fusion-accordian  #accordian-1 .panel-title a{font-size:20px;font-family:var(--awb-typography1-font-family);font-weight:var(--awb-typography1-font-weight);font-style:var(--awb-typography1-font-style);}.fusion-accordian  #accordian-1 .panel-title a:not(:hover){}.fusion-accordian  #accordian-1 .toggle-content{font-family:var(--awb-typography4-font-family);font-weight:var(--awb-typography4-font-weight);font-style:var(--awb-typography4-font-style);}.fusion-accordian #accordian-1 .fa-fusion-box { background-color: var(--awb-color4) !important;border-color: var(--awb-color4) !important;}.fusion-accordian #accordian-1 .panel-title a:hover,.fusion-accordian #accordian-1 .panel-title a.hover { color: hsla(var(--awb-color8-h),var(--awb-color8-s),calc(var(--awb-color8-l) + 38%),var(--awb-color8-a));}.fusion-faq-shortcode .fusion-accordian #accordian-1 .fusion-toggle-boxed-mode:hover .panel-title a { color: hsla(var(--awb-color8-h),var(--awb-color8-s),calc(var(--awb-color8-l) + 38%),var(--awb-color8-a));}.fusion-accordian #accordian-1 .panel-title .active .fa-fusion-box,.fusion-accordian #accordian-1 .panel-title a:hover .fa-fusion-box,.fusion-accordian #accordian-1 .panel-title a.hover .fa-fusion-box { background-color: hsla(var(--awb-color8-h),var(--awb-color8-s),calc(var(--awb-color8-l) + 38%),var(--awb-color8-a))!important;border-color: hsla(var(--awb-color8-h),var(--awb-color8-s),calc(var(--awb-color8-l) + 38%),var(--awb-color8-a))!important;}<\/style><div class=\"fusion-faq-shortcode\" style=\"\"><div class=\"fusion-faqs-wrapper\"><div class=\"accordian fusion-accordian\"><div class=\"panel-group  fusion-toggle-icon-right\" id=\"accordian-1\"><div class=\"fusion-panel fusion-toggle-no-divider fusion-toggle-boxed-mode panel-default fusion-faq-post fusion-faq-post-6520 gdpr-megfeleloseg \"><span class=\"entry-title rich-snippet-hidden\">Milyen adatokra vonatkoznak a GDPR-el\u0151\u00edr\u00e1sok?<\/span><span class=\"vcard rich-snippet-hidden\"><span class=\"fn\"><a href=\"https:\/\/www.helpfordesk.com\/hu\/author\/helpfordesk2025\/\" title=\"Kiss Anik\u00f3 bejegyz\u00e9se\" rel=\"author\">Kiss Anik\u00f3<\/a><\/span><\/span><span class=\"updated rich-snippet-hidden\">2023-03-23T09:05:45+01:00<\/span><div class=\"panel-heading\"><h4 id=\"faq_1-6520\" class=\"panel-title toggle\"><a data-toggle=\"collapse\" class=\"collapsed\" data-parent=\"#accordian-1\" data-target=\"#collapse-1-6520\" href=\"#collapse-1-6520\" aria-expanded=\"false\"><div class=\"fusion-toggle-icon-wrapper\"><div class=\"fusion-toggle-icon-wrapper-main\"><div class=\"fusion-toggle-icon-wrapper-sub\"><i class=\"fa-fusion-box active-icon awb-icon-minus\" aria-hidden=\"true\"><\/i><i class=\"fa-fusion-box inactive-icon awb-icon-plus\" aria-hidden=\"true\"><\/i><\/div><\/div><\/div><div class=\"fusion-toggle-heading\">Milyen adatokra vonatkoznak a GDPR-el\u0151\u00edr\u00e1sok?<\/div><\/a><\/h4><\/div><div id=\"collapse-1-6520\" aria-labelledby=\"faq_1-6520\" class=\"panel-collapse collapse\"><div class=\"panel-body toggle-content post-content\"><p dir=\"auto\" data-pm-slice=\"1 1 []\">Az \u00c1ltal\u00e1nos Adatv\u00e9delmi Szab\u00e1lyzat (GDPR) olyan szab\u00e1lyoz\u00e1sok \u00f6sszess\u00e9ge, amelyek v\u00e9dik a szem\u00e9lyes adatok mag\u00e1n\u00e9let\u00e9t \u00e9s biztons\u00e1g\u00e1t. Minden olyan v\u00e1llalatra vagy szervezetre vonatkozik, amely szem\u00e9lyes adatokat kezel, m\u00e9rett\u0151l, helyt\u0151l vagy c\u00e9lt\u00f3l f\u00fcggetlen\u00fcl. A GDPR minden adatt\u00edpusra vonatkozik, bele\u00e9rtve a nevet, c\u00edmet, e-mail c\u00edmet, IP-c\u00edmet, p\u00e9nz\u00fcgyi inform\u00e1ci\u00f3kat \u00e9s biometrikus adatokat. Olyan \u00e9rz\u00e9keny inform\u00e1ci\u00f3kra is kiterjed, mint a vall\u00e1s \u00e9s a politikai v\u00e9lem\u00e9nyek. A v\u00e1llalatoknak meg kell tenni\u00fck a megfelel\u0151 int\u00e9zked\u00e9seket annak biztos\u00edt\u00e1s\u00e1ra, hogy ezeket az adatokat biztons\u00e1gosan kezelj\u00e9k, \u00e9s csak a rendeltet\u00e9sszer\u0171en haszn\u00e1lj\u00e1k fel. Biztos\u00edtaniuk kell tov\u00e1bb\u00e1 \u00fcgyfeleik sz\u00e1m\u00e1ra az adataikhoz val\u00f3 hozz\u00e1f\u00e9r\u00e9s jog\u00e1t, valamint azt, hogy k\u00e9r\u00e9sre t\u00f6r\u00f6lj\u00e9k azokat. Az\u00e1ltal, hogy meg\u00e9rtik, milyen t\u00edpus\u00fa adatok tartoznak a GDPR-szab\u00e1lyoz\u00e1s hat\u00e1lya al\u00e1, a v\u00e1llalatok biztos\u00edthatj\u00e1k, hogy megfelelnek a jogszab\u00e1lyoknak, \u00e9s megv\u00e9dik \u00fcgyfeleik mag\u00e1n\u00e9let\u00e9t.<\/p>\n<\/div><\/div><\/div><div class=\"fusion-panel fusion-toggle-no-divider fusion-toggle-boxed-mode panel-default fusion-faq-post fusion-faq-post-6523 gdpr-megfeleloseg \"><span class=\"entry-title rich-snippet-hidden\">Melyek a GDPR-megfelel\u00e9s legfontosabb elvei?<\/span><span class=\"vcard rich-snippet-hidden\"><span class=\"fn\"><a href=\"https:\/\/www.helpfordesk.com\/hu\/author\/helpfordesk2025\/\" title=\"Kiss Anik\u00f3 bejegyz\u00e9se\" rel=\"author\">Kiss Anik\u00f3<\/a><\/span><\/span><span class=\"updated rich-snippet-hidden\">2023-03-23T09:05:44+01:00<\/span><div class=\"panel-heading\"><h4 id=\"faq_1-6523\" class=\"panel-title toggle\"><a data-toggle=\"collapse\" class=\"collapsed\" data-parent=\"#accordian-1\" data-target=\"#collapse-1-6523\" href=\"#collapse-1-6523\" aria-expanded=\"false\"><div class=\"fusion-toggle-icon-wrapper\"><div class=\"fusion-toggle-icon-wrapper-main\"><div class=\"fusion-toggle-icon-wrapper-sub\"><i class=\"fa-fusion-box active-icon awb-icon-minus\" aria-hidden=\"true\"><\/i><i class=\"fa-fusion-box inactive-icon awb-icon-plus\" aria-hidden=\"true\"><\/i><\/div><\/div><\/div><div class=\"fusion-toggle-heading\">Melyek a GDPR-megfelel\u00e9s legfontosabb elvei?<\/div><\/a><\/h4><\/div><div id=\"collapse-1-6523\" aria-labelledby=\"faq_1-6523\" class=\"panel-collapse collapse\"><div class=\"panel-body toggle-content post-content\"><p>Az \u00c1ltal\u00e1nos Adatv\u00e9delmi Rendelet (GDPR) egy olyan rendelet, amelyet az egy\u00e9nek mag\u00e1n\u00e9let\u00e9nek \u00e9s szem\u00e9lyes adataik v\u00e9delm\u00e9re hoztak l\u00e9tre. Minden olyan v\u00e1llalatra vagy szervezetre vonatkozik, amely uni\u00f3s polg\u00e1rok szem\u00e9lyes adatait dolgozza fel, f\u00fcggetlen\u00fcl att\u00f3l, hogy hol tal\u00e1lhat\u00f3k. Ez\u00e9rt a GDPR-megfelel\u0151s\u00e9g elveinek meg\u00e9rt\u00e9se \u00e9s betart\u00e1sa elengedhetetlen a v\u00e1llalkoz\u00e1sok sz\u00e1m\u00e1ra.<\/p>\n<p>A GDPR megfelel\u00e9s legfontosabb elvei k\u00f6z\u00e9 tartozik az \u00e1tl\u00e1that\u00f3s\u00e1g, az elsz\u00e1moltathat\u00f3s\u00e1g, az adatminimaliz\u00e1l\u00e1s, a c\u00e9lhoz k\u00f6t\u00f6tts\u00e9g, a biztons\u00e1g \u00e9s a pontoss\u00e1g. A v\u00e1llalatoknak \u00e1tl\u00e1that\u00f3nak kell lenni\u00fck azzal kapcsolatban, hogy hogyan gy\u0171jtik \u00e9s haszn\u00e1lj\u00e1k fel a szem\u00e9lyes adatokat, \u00e9s egy\u00e9rtelm\u0171 t\u00e1j\u00e9koztat\u00e1st adnak gyakorlataikr\u00f3l. Ezen k\u00edv\u00fcl elsz\u00e1moltathat\u00f3nak kell lenni\u00fck tetteik\u00e9rt az\u00e1ltal, hogy nyilv\u00e1ntart\u00e1st vezetnek az \u00f6sszes adatfeldolgoz\u00e1si tev\u00e9kenys\u00e9gr\u0151l. Ezenk\u00edv\u00fcl a v\u00e1llalatoknak minim\u00e1lisra kell cs\u00f6kkenteni\u00fck az \u00e1ltaluk gy\u0171jt\u00f6tt szem\u00e9lyes adatok mennyis\u00e9g\u00e9t, \u00e9s azokat csak meghat\u00e1rozott, el\u0151re meghat\u00e1rozott c\u00e9lb\u00f3l kell feldolgozniuk. Ezenk\u00edv\u00fcl a v\u00e1llalatoknak megfelel\u0151 technikai \u00e9s szervez\u00e9si int\u00e9zked\u00e9sekkel gondoskodniuk kell az \u00f6sszegy\u0171jt\u00f6tt adatok biztons\u00e1g\u00e1r\u00f3l \u00e9s pontoss\u00e1g\u00e1r\u00f3l.<\/p>\n<\/div><\/div><\/div><div class=\"fusion-panel fusion-toggle-no-divider fusion-toggle-boxed-mode panel-default fusion-faq-post fusion-faq-post-6525 gdpr-megfeleloseg \"><span class=\"entry-title rich-snippet-hidden\">Hogyan \u00e9rhetik el a v\u00e1llalkoz\u00e1sok a GDPR-megfelel\u0151s\u00e9get?<\/span><span class=\"vcard rich-snippet-hidden\"><span class=\"fn\"><a href=\"https:\/\/www.helpfordesk.com\/hu\/author\/helpfordesk2025\/\" title=\"Kiss Anik\u00f3 bejegyz\u00e9se\" rel=\"author\">Kiss Anik\u00f3<\/a><\/span><\/span><span class=\"updated rich-snippet-hidden\">2023-03-23T09:05:44+01:00<\/span><div class=\"panel-heading\"><h4 id=\"faq_1-6525\" class=\"panel-title toggle\"><a data-toggle=\"collapse\" class=\"collapsed\" data-parent=\"#accordian-1\" data-target=\"#collapse-1-6525\" href=\"#collapse-1-6525\" aria-expanded=\"false\"><div class=\"fusion-toggle-icon-wrapper\"><div class=\"fusion-toggle-icon-wrapper-main\"><div class=\"fusion-toggle-icon-wrapper-sub\"><i class=\"fa-fusion-box active-icon awb-icon-minus\" aria-hidden=\"true\"><\/i><i class=\"fa-fusion-box inactive-icon awb-icon-plus\" aria-hidden=\"true\"><\/i><\/div><\/div><\/div><div class=\"fusion-toggle-heading\">Hogyan \u00e9rhetik el a v\u00e1llalkoz\u00e1sok a GDPR-megfelel\u0151s\u00e9get?<\/div><\/a><\/h4><\/div><div id=\"collapse-1-6525\" aria-labelledby=\"faq_1-6525\" class=\"panel-collapse collapse\"><div class=\"panel-body toggle-content post-content\"><p>Az \u00c1ltal\u00e1nos Adatv\u00e9delmi Rendelet (GDPR) olyan szab\u00e1lyoz\u00e1sok \u00f6sszess\u00e9ge, amelyek c\u00e9lja az uni\u00f3s polg\u00e1rok mag\u00e1n\u00e9let\u00e9nek \u00e9s szem\u00e9lyes adatainak v\u00e9delme. A v\u00e1llalkoz\u00e1soknak be kell tartaniuk a GDPR-t \u00fcgyfeleik \u00e9s alkalmazottaik szem\u00e9lyes adatainak v\u00e9delme \u00e9rdek\u00e9ben. A GDPR-megfelel\u0151s\u00e9g el\u00e9r\u00e9s\u00e9hez \u00e1tfog\u00f3 strat\u00e9gi\u00e1ra van sz\u00fcks\u00e9g, amely mag\u00e1ban foglalja az ir\u00e1nyelveket, elj\u00e1r\u00e1sokat, technikai int\u00e9zked\u00e9seket \u00e9s k\u00e9pz\u00e9st. A v\u00e1llalkoz\u00e1soknak gondoskodniuk kell arr\u00f3l, hogy megfelel\u0151 biztons\u00e1gi int\u00e9zked\u00e9sekkel v\u00e9dj\u00e9k az \u00fcgyfelek adatait a jogosulatlan hozz\u00e1f\u00e9r\u00e9st\u0151l, valamint az \u00fcgyf\u00e9ladatok GDPR-k\u00f6vetelm\u00e9nyeinek megfelel\u0151 kezel\u00e9s\u00e9re vonatkoz\u00f3 ir\u00e1nyelveket \u00e9s elj\u00e1r\u00e1sokat. Ezenk\u00edv\u00fcl rendszeres k\u00e9pz\u00e9sben kell r\u00e9szes\u00edteni a szem\u00e9lyzetet a GDPR-megfelel\u00e9sr\u0151l. Ezekkel a l\u00e9p\u00e9sekkel a v\u00e1llalkoz\u00e1sok biztos\u00edthatj\u00e1k, hogy megfelelnek a GDPR-el\u0151\u00edr\u00e1soknak, \u00e9s v\u00e9dik \u00fcgyfeleik \u00e9s alkalmazottaik szem\u00e9lyes adatait.<\/p>\n<\/div><\/div><\/div><div class=\"fusion-panel fusion-toggle-no-divider fusion-toggle-boxed-mode panel-default fusion-faq-post fusion-faq-post-6527 gdpr-megfeleloseg \"><span class=\"entry-title rich-snippet-hidden\">Milyen eszk\u00f6z\u00f6kkel \u00e9s m\u00f3dszerekkel lehet nyomon k\u00f6vetni a GDPR-megfelel\u00e9s fel\u00e9 tett el\u0151rehalad\u00e1st?<\/span><span class=\"vcard rich-snippet-hidden\"><span class=\"fn\"><a href=\"https:\/\/www.helpfordesk.com\/hu\/author\/helpfordesk2025\/\" title=\"Kiss Anik\u00f3 bejegyz\u00e9se\" rel=\"author\">Kiss Anik\u00f3<\/a><\/span><\/span><span class=\"updated rich-snippet-hidden\">2023-03-23T09:05:43+01:00<\/span><div class=\"panel-heading\"><h4 id=\"faq_1-6527\" class=\"panel-title toggle\"><a data-toggle=\"collapse\" class=\"collapsed\" data-parent=\"#accordian-1\" data-target=\"#collapse-1-6527\" href=\"#collapse-1-6527\" aria-expanded=\"false\"><div class=\"fusion-toggle-icon-wrapper\"><div class=\"fusion-toggle-icon-wrapper-main\"><div class=\"fusion-toggle-icon-wrapper-sub\"><i class=\"fa-fusion-box active-icon awb-icon-minus\" aria-hidden=\"true\"><\/i><i class=\"fa-fusion-box inactive-icon awb-icon-plus\" aria-hidden=\"true\"><\/i><\/div><\/div><\/div><div class=\"fusion-toggle-heading\">Milyen eszk\u00f6z\u00f6kkel \u00e9s m\u00f3dszerekkel lehet nyomon k\u00f6vetni a GDPR-megfelel\u00e9s fel\u00e9 tett el\u0151rehalad\u00e1st?<\/div><\/a><\/h4><\/div><div id=\"collapse-1-6527\" aria-labelledby=\"faq_1-6527\" class=\"panel-collapse collapse\"><div class=\"panel-body toggle-content post-content\"><p>A GDPR-megfelel\u00e9s fontos k\u00e9rd\u00e9s a szervezetek sz\u00e1m\u00e1ra, mivel tov\u00e1bbi l\u00e9p\u00e9seket k\u00f6vetel meg \u00fcgyfeleik mag\u00e1n\u00e9let\u00e9nek v\u00e9delme \u00e9rdek\u00e9ben. Az \u00c1ltal\u00e1nos Adatv\u00e9delmi Rendelet (GDPR) sz\u00e1mos k\u00f6vetelm\u00e9nyt hat\u00e1roz meg, amelyeket a szervezeteknek be kell tartaniuk a szem\u00e9lyes adatok v\u00e9delme \u00e9rdek\u00e9ben. A GDPR-nak val\u00f3 megfelel\u00e9s biztos\u00edt\u00e1sa \u00e9rdek\u00e9ben a szervezeteknek vil\u00e1gosan meg kell \u00e9rteni\u00fck a szab\u00e1lyoz\u00e1st, \u00e9s olyan eszk\u00f6z\u00f6ket \u00e9s m\u00f3dszereket kell haszn\u00e1lniuk, amelyek seg\u00edtenek nyomon k\u00f6vetni a GDPR-megfelel\u00e9s fel\u00e9 tett el\u0151rehalad\u00e1st.<\/p>\n<p>Az olyan eszk\u00f6z\u00f6k, mint az adatt\u00e9rk\u00e9pez\u00e9s \u00e9s az adatv\u00e9delmi hat\u00e1svizsg\u00e1latok haszn\u00e1lhat\u00f3k azon ter\u00fcletek azonos\u00edt\u00e1s\u00e1ra, ahol fenn\u00e1ll a GDPR-nak val\u00f3 megfelel\u00e9s megs\u00e9rt\u00e9s\u00e9nek kock\u00e1zata. Ezenk\u00edv\u00fcl a szervezeteknek olyan automatiz\u00e1lt eszk\u00f6z\u00f6ket kell haszn\u00e1lniuk, mint p\u00e9ld\u00e1ul az auditnapl\u00f3k \u00e9s a hozz\u00e1f\u00e9r\u00e9s-ellen\u0151rz\u0151 rendszerek, hogy figyelemmel k\u00eds\u00e9rj\u00e9k az \u00fcgyfelek adataiban v\u00e9grehajtott v\u00e1ltoztat\u00e1sokat. V\u00e9g\u00fcl a v\u00e1llalatoknak olyan ir\u00e1nyelveket \u00e9s elj\u00e1r\u00e1sokat is ki kell alak\u00edtaniuk, amelyek biztos\u00edtj\u00e1k, hogy mindenkor megfeleljenek a GDPR-el\u0151\u00edr\u00e1soknak.<\/p>\n<\/div><\/div><\/div><div class=\"fusion-panel fusion-toggle-no-divider fusion-toggle-boxed-mode panel-default fusion-faq-post fusion-faq-post-6529 gdpr-megfeleloseg \"><span class=\"entry-title rich-snippet-hidden\">Vannak-e szankci\u00f3k vagy p\u00e9nzb\u00edrs\u00e1gok azon v\u00e1llalkoz\u00e1sok sz\u00e1m\u00e1ra, amelyek nem felelnek meg a GDPR-el\u0151\u00edr\u00e1soknak?<\/span><span class=\"vcard rich-snippet-hidden\"><span class=\"fn\"><a href=\"https:\/\/www.helpfordesk.com\/hu\/author\/helpfordesk2025\/\" title=\"Kiss Anik\u00f3 bejegyz\u00e9se\" rel=\"author\">Kiss Anik\u00f3<\/a><\/span><\/span><span class=\"updated rich-snippet-hidden\">2023-03-23T09:05:42+01:00<\/span><div class=\"panel-heading\"><h4 id=\"faq_1-6529\" class=\"panel-title toggle\"><a data-toggle=\"collapse\" class=\"collapsed\" data-parent=\"#accordian-1\" data-target=\"#collapse-1-6529\" href=\"#collapse-1-6529\" aria-expanded=\"false\"><div class=\"fusion-toggle-icon-wrapper\"><div class=\"fusion-toggle-icon-wrapper-main\"><div class=\"fusion-toggle-icon-wrapper-sub\"><i class=\"fa-fusion-box active-icon awb-icon-minus\" aria-hidden=\"true\"><\/i><i class=\"fa-fusion-box inactive-icon awb-icon-plus\" aria-hidden=\"true\"><\/i><\/div><\/div><\/div><div class=\"fusion-toggle-heading\">Vannak-e szankci\u00f3k vagy p\u00e9nzb\u00edrs\u00e1gok azon v\u00e1llalkoz\u00e1sok sz\u00e1m\u00e1ra, amelyek nem felelnek meg a GDPR-el\u0151\u00edr\u00e1soknak?<\/div><\/a><\/h4><\/div><div id=\"collapse-1-6529\" aria-labelledby=\"faq_1-6529\" class=\"panel-collapse collapse\"><div class=\"panel-body toggle-content post-content\"><p>A GDPR (General Data Protection Regulation) az Eur\u00f3pai Uni\u00f3 \u00e1ltal az \u00e1llampolg\u00e1rok szem\u00e9lyes adatainak v\u00e9delm\u00e9re l\u00e9trehozott szab\u00e1lyok \u00e9s el\u0151\u00edr\u00e1sok \u00f6sszess\u00e9ge. Azok a v\u00e1llalkoz\u00e1sok, amelyek nem tartj\u00e1k be a GDPR-el\u0151\u00edr\u00e1sokat, p\u00e9nzb\u00edrs\u00e1ggal \u00e9s szankci\u00f3kkal s\u00fajthat\u00f3k. Ezek a b\u00edrs\u00e1gok 10 milli\u00f3 eur\u00f3t\u00f3l vagy a v\u00e1llalat glob\u00e1lis forgalm\u00e1nak 2%-\u00e1t\u00f3l (amelyik magasabb) 20 milli\u00f3 eur\u00f3ig vagy a v\u00e1llalat glob\u00e1lis forgalm\u00e1nak 4%-\u00e1ig terjedhetnek, att\u00f3l f\u00fcgg\u0151en, hogy melyik a magasabb.<\/p>\n<p>A v\u00e1llalkoz\u00e1soknak biztos\u00edtaniuk kell, hogy megfelelnek a GDPR el\u0151\u00edr\u00e1sainak, hogy elker\u00fclj\u00e9k az esetleges b\u00edrs\u00e1gokat vagy szankci\u00f3kat. Ez azt jelenti, hogy tiszt\u00e1ban kell lenni\u00fck azzal, hogy milyen adatokat gy\u0171jtenek \u00e9s dolgoznak fel, valamint hogyan t\u00e1rolj\u00e1k \u00e9s v\u00e9dik azokat. Gondoskodniuk kell arr\u00f3l is, hogy az \u00fcgyfelek hozz\u00e1j\u00e1rul\u00e1sukat adt\u00e1k ahhoz, hogy adataikat a GDPR-el\u0151\u00edr\u00e1soknak megfelel\u0151en haszn\u00e1lj\u00e1k fel.<\/p>\n<\/div><\/div><\/div><div class=\"fusion-panel fusion-toggle-no-divider fusion-toggle-boxed-mode panel-default fusion-faq-post fusion-faq-post-6531 gdpr-megfeleloseg \"><span class=\"entry-title rich-snippet-hidden\">Milyen l\u00e9p\u00e9seket kell tenni a GDPR-el\u0151\u00edr\u00e1soknak val\u00f3 folyamatos megfelel\u00e9s \u00e9rdek\u00e9ben?<\/span><span class=\"vcard rich-snippet-hidden\"><span class=\"fn\"><a href=\"https:\/\/www.helpfordesk.com\/hu\/author\/helpfordesk2025\/\" title=\"Kiss Anik\u00f3 bejegyz\u00e9se\" rel=\"author\">Kiss Anik\u00f3<\/a><\/span><\/span><span class=\"updated rich-snippet-hidden\">2023-04-11T15:31:23+02:00<\/span><div class=\"panel-heading\"><h4 id=\"faq_1-6531\" class=\"panel-title toggle\"><a data-toggle=\"collapse\" class=\"collapsed\" data-parent=\"#accordian-1\" data-target=\"#collapse-1-6531\" href=\"#collapse-1-6531\" aria-expanded=\"false\"><div class=\"fusion-toggle-icon-wrapper\"><div class=\"fusion-toggle-icon-wrapper-main\"><div class=\"fusion-toggle-icon-wrapper-sub\"><i class=\"fa-fusion-box active-icon awb-icon-minus\" aria-hidden=\"true\"><\/i><i class=\"fa-fusion-box inactive-icon awb-icon-plus\" aria-hidden=\"true\"><\/i><\/div><\/div><\/div><div class=\"fusion-toggle-heading\">Milyen l\u00e9p\u00e9seket kell tenni a GDPR-el\u0151\u00edr\u00e1soknak val\u00f3 folyamatos megfelel\u00e9s \u00e9rdek\u00e9ben?<\/div><\/a><\/h4><\/div><div id=\"collapse-1-6531\" aria-labelledby=\"faq_1-6531\" class=\"panel-collapse collapse\"><div class=\"panel-body toggle-content post-content\"><p>A GDPR-el\u0151\u00edr\u00e1sok bevezet\u00e9s\u00e9vel a szervezeteknek bizonyos l\u00e9p\u00e9seket kell tenni\u00fck annak \u00e9rdek\u00e9ben, hogy azok tov\u00e1bbra is megfeleljenek. Ez mag\u00e1ban foglalja az adatok biztons\u00e1gos t\u00e1rol\u00e1s\u00e1nak \u00e9s feldolgoz\u00e1s\u00e1nak biztos\u00edt\u00e1s\u00e1t, egy\u00e9rtelm\u0171 hozz\u00e1j\u00e1rul\u00e1si \u0171rlapok biztos\u00edt\u00e1s\u00e1t az adatgy\u0171jt\u00e9shez \u00e9s -feldolgoz\u00e1shoz, valamint az adatv\u00e9delmi incidensek vagy egy\u00e9b probl\u00e9m\u00e1k megfigyel\u00e9s\u00e9re \u00e9s reag\u00e1l\u00e1s\u00e1ra szolg\u00e1l\u00f3 rendszert. Ezenk\u00edv\u00fcl a szervezeteknek tiszt\u00e1ban kell lenni\u00fck \u00fcgyfeleik jogaival \u00e9s azzal, hogy ezeket a jogokat hogyan v\u00e9dik a GDPR. Ezekkel a l\u00e9p\u00e9sekkel a szervezetek biztos\u00edthatj\u00e1k, hogy tov\u00e1bbra is megfeleljenek a GDPR-el\u0151\u00edr\u00e1soknak, \u00e9s v\u00e9dj\u00e9k \u00fcgyfeleik szem\u00e9lyes adatait.<\/p>\n<\/div><\/div><\/div><div class=\"fusion-panel fusion-toggle-no-divider fusion-toggle-boxed-mode panel-default fusion-faq-post fusion-faq-post-6533 gdpr-megfeleloseg \"><span class=\"entry-title rich-snippet-hidden\">Mit jelent a GDPR?<\/span><span class=\"vcard rich-snippet-hidden\"><span class=\"fn\"><a href=\"https:\/\/www.helpfordesk.com\/hu\/author\/helpfordesk2025\/\" title=\"Kiss Anik\u00f3 bejegyz\u00e9se\" rel=\"author\">Kiss Anik\u00f3<\/a><\/span><\/span><span class=\"updated rich-snippet-hidden\">2023-03-23T12:17:45+01:00<\/span><div class=\"panel-heading\"><h4 id=\"faq_1-6533\" class=\"panel-title toggle\"><a data-toggle=\"collapse\" class=\"collapsed\" data-parent=\"#accordian-1\" data-target=\"#collapse-1-6533\" href=\"#collapse-1-6533\" aria-expanded=\"false\"><div class=\"fusion-toggle-icon-wrapper\"><div class=\"fusion-toggle-icon-wrapper-main\"><div class=\"fusion-toggle-icon-wrapper-sub\"><i class=\"fa-fusion-box active-icon awb-icon-minus\" aria-hidden=\"true\"><\/i><i class=\"fa-fusion-box inactive-icon awb-icon-plus\" aria-hidden=\"true\"><\/i><\/div><\/div><\/div><div class=\"fusion-toggle-heading\">Mit jelent a GDPR?<\/div><\/a><\/h4><\/div><div id=\"collapse-1-6533\" aria-labelledby=\"faq_1-6533\" class=\"panel-collapse collapse\"><div class=\"panel-body toggle-content post-content\"><p>Az \u00c1ltal\u00e1nos Adatv\u00e9delmi Rendelet (GDPR) az Eur\u00f3pai Uni\u00f3 \u00e1ltal 2016-ban elfogadott rendeletek \u00f6sszess\u00e9ge az egy\u00e9nek szem\u00e9lyes adatainak v\u00e9delme \u00e9rdek\u00e9ben. C\u00e9lja, hogy az emberek nagyobb ellen\u0151rz\u00e9st biztos\u00edtsanak szem\u00e9lyes adataik \u00e9s a v\u00e1llalatok \u00e1ltali felhaszn\u00e1l\u00e1si m\u00f3dok felett. Azt is megk\u00f6veteli, hogy a v\u00e1llalatok \u00e1tl\u00e1that\u00f3ak legyenek az adatok felhaszn\u00e1l\u00e1s\u00e1val \u00e9s t\u00e1rol\u00e1s\u00e1val kapcsolatban, valamint biztos\u00edts\u00e1k az egy\u00e9neknek a saj\u00e1t adataikhoz val\u00f3 hozz\u00e1f\u00e9r\u00e9s, helyesb\u00edt\u00e9s vagy t\u00f6rl\u00e9s jog\u00e1t. A GDPR minden EU-n bel\u00fcl m\u0171k\u00f6d\u0151 szervezetre vonatkozik, valamint az EU-n k\u00edv\u00fcli, az EU-ban \u00e1rukat vagy szolg\u00e1ltat\u00e1sokat k\u00edn\u00e1l\u00f3 szervezetre.<\/p>\n<\/div><\/div><\/div><div class=\"fusion-panel fusion-toggle-no-divider fusion-toggle-boxed-mode panel-default fusion-faq-post fusion-faq-post-6535 gdpr-megfeleloseg \"><span class=\"entry-title rich-snippet-hidden\">Hogyan v\u00e9di a GDPR az egy\u00e9nek adatait?<\/span><span class=\"vcard rich-snippet-hidden\"><span class=\"fn\"><a href=\"https:\/\/www.helpfordesk.com\/hu\/author\/helpfordesk2025\/\" title=\"Kiss Anik\u00f3 bejegyz\u00e9se\" rel=\"author\">Kiss Anik\u00f3<\/a><\/span><\/span><span class=\"updated rich-snippet-hidden\">2023-03-23T09:05:39+01:00<\/span><div class=\"panel-heading\"><h4 id=\"faq_1-6535\" class=\"panel-title toggle\"><a data-toggle=\"collapse\" class=\"collapsed\" data-parent=\"#accordian-1\" data-target=\"#collapse-1-6535\" href=\"#collapse-1-6535\" aria-expanded=\"false\"><div class=\"fusion-toggle-icon-wrapper\"><div class=\"fusion-toggle-icon-wrapper-main\"><div class=\"fusion-toggle-icon-wrapper-sub\"><i class=\"fa-fusion-box active-icon awb-icon-minus\" aria-hidden=\"true\"><\/i><i class=\"fa-fusion-box inactive-icon awb-icon-plus\" aria-hidden=\"true\"><\/i><\/div><\/div><\/div><div class=\"fusion-toggle-heading\">Hogyan v\u00e9di a GDPR az egy\u00e9nek adatait?<\/div><\/a><\/h4><\/div><div id=\"collapse-1-6535\" aria-labelledby=\"faq_1-6535\" class=\"panel-collapse collapse\"><div class=\"panel-body toggle-content post-content\"><p>Az \u00c1ltal\u00e1nos Adatv\u00e9delmi Rendelet (GDPR) olyan t\u00f6rv\u00e9nyek \u00f6sszess\u00e9ge, amelyek c\u00e9lja az egy\u00e9nek szem\u00e9lyes adatainak v\u00e9delme az Eur\u00f3pai Uni\u00f3n bel\u00fcl. 2018 m\u00e1jus\u00e1ban vezett\u00e9k be, \u00e9s az\u00f3ta a vil\u00e1g sz\u00e1mos orsz\u00e1ga elfogadta. A GDPR biztos\u00edtja, hogy az egy\u00e9nek teljes ellen\u0151rz\u00e9st gyakoroljanak szem\u00e9lyes adataik felett, \u00e9s a v\u00e1llalatoknak megfelel\u0151 int\u00e9zked\u00e9seket kell tenni\u00fck azok v\u00e9delm\u00e9re. Azt is megk\u00f6veteli a v\u00e1llalatokt\u00f3l, hogy egy\u00e9rtelm\u0171 t\u00e1j\u00e9koztat\u00e1st adjanak arr\u00f3l, hogyan haszn\u00e1lj\u00e1k fel az egy\u00e9nek adatait, valamint kifejezett hozz\u00e1j\u00e1rul\u00e1st kell k\u00e9rni\u00fck a szem\u00e9lyes adatok gy\u0171jt\u00e9se vagy feldolgoz\u00e1sa el\u0151tt. Ezenk\u00edv\u00fcl a GDPR feljogos\u00edtja az egy\u00e9neket adataihoz val\u00f3 hozz\u00e1f\u00e9r\u00e9shez, azok t\u00f6rl\u00e9s\u00e9hez vagy helyesb\u00edt\u00e9s\u00e9hez b\u00e1rmikor. Ezek az int\u00e9zked\u00e9sek annak biztos\u00edt\u00e1s\u00e1ra szolg\u00e1lnak, hogy a v\u00e1llalatok felel\u0151ss\u00e9gteljesen \u00e9s \u00e1tl\u00e1that\u00f3an haszn\u00e1lj\u00e1k fel az emberek adatait.<\/p>\n<\/div><\/div><\/div><div class=\"fusion-panel fusion-toggle-no-divider fusion-toggle-boxed-mode panel-default fusion-faq-post fusion-faq-post-6537 gdpr-megfeleloseg \"><span class=\"entry-title rich-snippet-hidden\">Hogyan hat a GDPR a v\u00e1llalkoz\u00e1sokra \u00e9s szervezetekre?<\/span><span class=\"vcard rich-snippet-hidden\"><span class=\"fn\"><a href=\"https:\/\/www.helpfordesk.com\/hu\/author\/helpfordesk2025\/\" title=\"Kiss Anik\u00f3 bejegyz\u00e9se\" rel=\"author\">Kiss Anik\u00f3<\/a><\/span><\/span><span class=\"updated rich-snippet-hidden\">2023-03-23T12:17:35+01:00<\/span><div class=\"panel-heading\"><h4 id=\"faq_1-6537\" class=\"panel-title toggle\"><a data-toggle=\"collapse\" class=\"collapsed\" data-parent=\"#accordian-1\" data-target=\"#collapse-1-6537\" href=\"#collapse-1-6537\" aria-expanded=\"false\"><div class=\"fusion-toggle-icon-wrapper\"><div class=\"fusion-toggle-icon-wrapper-main\"><div class=\"fusion-toggle-icon-wrapper-sub\"><i class=\"fa-fusion-box active-icon awb-icon-minus\" aria-hidden=\"true\"><\/i><i class=\"fa-fusion-box inactive-icon awb-icon-plus\" aria-hidden=\"true\"><\/i><\/div><\/div><\/div><div class=\"fusion-toggle-heading\">Hogyan hat a GDPR a v\u00e1llalkoz\u00e1sokra \u00e9s szervezetekre?<\/div><\/a><\/h4><\/div><div id=\"collapse-1-6537\" aria-labelledby=\"faq_1-6537\" class=\"panel-collapse collapse\"><div class=\"panel-body toggle-content post-content\"><p>Az \u00c1ltal\u00e1nos Adatv\u00e9delmi Rendelet (GDPR) egy \u00faj szab\u00e1lyrendszer, amelynek c\u00e9lja az Eur\u00f3pai Uni\u00f3 polg\u00e1rai szem\u00e9lyes adatainak v\u00e9delme. Minden olyan v\u00e1llalkoz\u00e1st \u00e9s szervezetet \u00e9rint, amely uni\u00f3s polg\u00e1rokt\u00f3l adatokat gy\u0171jt, dolgoz fel vagy t\u00e1rol. A GDPR megk\u00f6veteli a szervezetekt\u0151l, hogy szigor\u00fa el\u0151\u00edr\u00e1sokat tartsanak be a szem\u00e9lyes adatok kezel\u00e9s\u00e9re, t\u00e1rol\u00e1s\u00e1ra \u00e9s feldolgoz\u00e1s\u00e1ra vonatkoz\u00f3an. A v\u00e1llalatoknak gondoskodniuk kell arr\u00f3l, hogy megfelel\u0151 int\u00e9zked\u00e9sekkel v\u00e9dj\u00e9k \u00fcgyfeleik mag\u00e1n\u00e9let\u00e9t, bele\u00e9rtve a megfelel\u0151 biztons\u00e1gi int\u00e9zked\u00e9seket \u00e9s elj\u00e1r\u00e1sokat az adatv\u00e9delmi incidensek kezel\u00e9s\u00e9re. Ezen t\u00falmen\u0151en a v\u00e1llalatoknak \u00e1tl\u00e1that\u00f3nak kell lenni\u00fck az \u00fcgyfelek adatainak felhaszn\u00e1l\u00e1s\u00e1val kapcsolatban, \u00e9s k\u00e9r\u00e9sre hozz\u00e1f\u00e9r\u00e9st kell biztos\u00edtaniuk az \u00fcgyfeleknek saj\u00e1t inform\u00e1ci\u00f3ikhoz. A szervezeteknek emellett be kell tartaniuk a GDPR azon k\u00f6vetelm\u00e9ny\u00e9t, hogy szem\u00e9lyes adataik gy\u0171jt\u00e9se vagy felhaszn\u00e1l\u00e1sa el\u0151tt kifejezett hozz\u00e1j\u00e1rul\u00e1st kell k\u00e9rni\u00fck az \u00fcgyfelekt\u0151l.<\/p>\n<\/div><\/div><\/div><div class=\"fusion-panel fusion-toggle-no-divider fusion-toggle-boxed-mode panel-default fusion-faq-post fusion-faq-post-6539 gdpr-megfeleloseg \"><span class=\"entry-title rich-snippet-hidden\">Ki a felel\u0151s a GDPR k\u00f6vetelm\u00e9nyeinek val\u00f3 megfelel\u00e9s\u00e9rt?<\/span><span class=\"vcard rich-snippet-hidden\"><span class=\"fn\"><a href=\"https:\/\/www.helpfordesk.com\/hu\/author\/helpfordesk2025\/\" title=\"Kiss Anik\u00f3 bejegyz\u00e9se\" rel=\"author\">Kiss Anik\u00f3<\/a><\/span><\/span><span class=\"updated rich-snippet-hidden\">2023-03-23T12:17:22+01:00<\/span><div class=\"panel-heading\"><h4 id=\"faq_1-6539\" class=\"panel-title toggle\"><a data-toggle=\"collapse\" class=\"collapsed\" data-parent=\"#accordian-1\" data-target=\"#collapse-1-6539\" href=\"#collapse-1-6539\" aria-expanded=\"false\"><div class=\"fusion-toggle-icon-wrapper\"><div class=\"fusion-toggle-icon-wrapper-main\"><div class=\"fusion-toggle-icon-wrapper-sub\"><i class=\"fa-fusion-box active-icon awb-icon-minus\" aria-hidden=\"true\"><\/i><i class=\"fa-fusion-box inactive-icon awb-icon-plus\" aria-hidden=\"true\"><\/i><\/div><\/div><\/div><div class=\"fusion-toggle-heading\">Ki a felel\u0151s a GDPR k\u00f6vetelm\u00e9nyeinek val\u00f3 megfelel\u00e9s\u00e9rt?<\/div><\/a><\/h4><\/div><div id=\"collapse-1-6539\" aria-labelledby=\"faq_1-6539\" class=\"panel-collapse collapse\"><div class=\"panel-body toggle-content post-content\"><p>A GDPR olyan t\u00f6rv\u00e9nyek \u00f6sszess\u00e9ge, amelyek v\u00e9dik az egy\u00e9nek \u00e9s a v\u00e1llalkoz\u00e1sok mag\u00e1n\u00e9let\u00e9t az Eur\u00f3pai Uni\u00f3ban. Fontos, hogy a c\u00e9gek megfeleljenek a GDPR k\u00f6vetelm\u00e9nyeinek, hogy biztos\u00edts\u00e1k \u00fcgyfeleik adatainak v\u00e9delm\u00e9t.<\/p>\n<p>A <a href=\"https:\/\/www.helpfordesk.com\/hu\/helpfordesk-es-a-gdpr\/\">GDPR k\u00f6vetelm\u00e9ny<\/a>einek val\u00f3 megfelel\u00e9s felel\u0151ss\u00e9ge a v\u00e1llalatot \u00e9s annak alkalmazottait egyar\u00e1nt terheli. A v\u00e1llalatoknak folyamatokat kell bevezetni\u00fck annak biztos\u00edt\u00e1s\u00e1ra, hogy megfeleljenek az el\u0151\u00edr\u00e1soknak, mik\u00f6zben az alkalmazottakat ki kell k\u00e9pezni a szem\u00e9lyes adatok helyes kezel\u00e9s\u00e9r\u0151l. Ezenk\u00edv\u00fcl a v\u00e1llalatoknak meg kell gy\u0151z\u0151dni\u00fck arr\u00f3l, hogy a k\u00fcls\u0151 sz\u00e1ll\u00edt\u00f3k megfelel\u0151 biztons\u00e1gi int\u00e9zked\u00e9seket alkalmaznak, \u00e9s megfelelnek a GDPR-el\u0151\u00edr\u00e1soknak.<\/p>\n<\/div><\/div><\/div><div class=\"fusion-panel fusion-toggle-no-divider fusion-toggle-boxed-mode panel-default fusion-faq-post fusion-faq-post-6541 gdpr-megfeleloseg \"><span class=\"entry-title rich-snippet-hidden\">Milyen szankci\u00f3kkal j\u00e1rhat a GDPR k\u00f6vetelm\u00e9nyeinek be nem tart\u00e1sa?<\/span><span class=\"vcard rich-snippet-hidden\"><span class=\"fn\"><a href=\"https:\/\/www.helpfordesk.com\/hu\/author\/helpfordesk2025\/\" title=\"Kiss Anik\u00f3 bejegyz\u00e9se\" rel=\"author\">Kiss Anik\u00f3<\/a><\/span><\/span><span class=\"updated rich-snippet-hidden\">2023-03-23T12:16:57+01:00<\/span><div class=\"panel-heading\"><h4 id=\"faq_1-6541\" class=\"panel-title toggle\"><a data-toggle=\"collapse\" class=\"collapsed\" data-parent=\"#accordian-1\" data-target=\"#collapse-1-6541\" href=\"#collapse-1-6541\" aria-expanded=\"false\"><div class=\"fusion-toggle-icon-wrapper\"><div class=\"fusion-toggle-icon-wrapper-main\"><div class=\"fusion-toggle-icon-wrapper-sub\"><i class=\"fa-fusion-box active-icon awb-icon-minus\" aria-hidden=\"true\"><\/i><i class=\"fa-fusion-box inactive-icon awb-icon-plus\" aria-hidden=\"true\"><\/i><\/div><\/div><\/div><div class=\"fusion-toggle-heading\">Milyen szankci\u00f3kkal j\u00e1rhat a GDPR k\u00f6vetelm\u00e9nyeinek be nem tart\u00e1sa?<\/div><\/a><\/h4><\/div><div id=\"collapse-1-6541\" aria-labelledby=\"faq_1-6541\" class=\"panel-collapse collapse\"><div class=\"panel-body toggle-content post-content\"><p>Az \u00c1ltal\u00e1nos Adatv\u00e9delmi Rendelet (GDPR) r\u00f6gz\u00edti azokat a szab\u00e1lyokat \u00e9s el\u0151\u00edr\u00e1sokat, amelyeket a szervezeteknek be kell tartaniuk a szem\u00e9lyes adatok kezel\u00e9se sor\u00e1n. A GDPR k\u00f6vetelm\u00e9nyeinek be nem tart\u00e1sa komoly szankci\u00f3kat vonhat maga ut\u00e1n a szervezettel szemben. Ezek a szankci\u00f3k tartalmazhatnak p\u00e9nzb\u00edrs\u00e1got, bizonyos tev\u00e9kenys\u00e9gek felf\u00fcggeszt\u00e9s\u00e9t vagy ak\u00e1r b\u00fcntet\u0151elj\u00e1r\u00e1st is. Ezen t\u00falmen\u0151en a szervezeteknek l\u00e9p\u00e9seket kell tenni\u00fck a meg nem felel\u00e9si probl\u00e9m\u00e1k orvosl\u00e1s\u00e1ra, valamint a szab\u00e1lyok be nem tart\u00e1sa miatt okozott k\u00e1rok megt\u00e9r\u00edt\u00e9s\u00e9re. Ez\u00e9rt fontos, hogy a szervezetek megbizonyosodjanak arr\u00f3l, hogy megfelelnek a GDPR k\u00f6vetelm\u00e9nyeinek, hogy elker\u00fclj\u00e9k ezeket a lehets\u00e9ges szankci\u00f3kat.<\/p>\n<\/div><\/div><\/div><div class=\"fusion-panel fusion-toggle-no-divider fusion-toggle-boxed-mode panel-default fusion-faq-post fusion-faq-post-8173 gdpr-megfeleloseg \"><span class=\"entry-title rich-snippet-hidden\">A digit\u00e1lis al\u00e1\u00edr\u00e1s t\u00edpusai<\/span><span class=\"vcard rich-snippet-hidden\"><span class=\"fn\"><a href=\"https:\/\/www.helpfordesk.com\/hu\/author\/helpfordesk2025\/\" title=\"Kiss Anik\u00f3 bejegyz\u00e9se\" rel=\"author\">Kiss Anik\u00f3<\/a><\/span><\/span><span class=\"updated rich-snippet-hidden\">2023-04-16T11:16:04+02:00<\/span><div class=\"panel-heading\"><h4 id=\"faq_1-8173\" class=\"panel-title toggle\"><a data-toggle=\"collapse\" class=\"collapsed\" data-parent=\"#accordian-1\" data-target=\"#collapse-1-8173\" href=\"#collapse-1-8173\" aria-expanded=\"false\"><div class=\"fusion-toggle-icon-wrapper\"><div class=\"fusion-toggle-icon-wrapper-main\"><div class=\"fusion-toggle-icon-wrapper-sub\"><i class=\"fa-fusion-box active-icon awb-icon-minus\" aria-hidden=\"true\"><\/i><i class=\"fa-fusion-box inactive-icon awb-icon-plus\" aria-hidden=\"true\"><\/i><\/div><\/div><\/div><div class=\"fusion-toggle-heading\">A digit\u00e1lis al\u00e1\u00edr\u00e1s t\u00edpusai<\/div><\/a><\/h4><\/div><div id=\"collapse-1-8173\" aria-labelledby=\"faq_1-8173\" class=\"panel-collapse collapse\"><div class=\"panel-body toggle-content post-content\"><h3>Mi a k\u00fcl\u00f6nbs\u00e9g az elektronikus \u00e9s a digit\u00e1lis al\u00e1\u00edr\u00e1sok k\u00f6z\u00f6tt?<\/h3>\n<p>\u00c1ltal\u00e1noss\u00e1gban elmondhat\u00f3, hogy az elektronikus al\u00e1\u00edr\u00e1s a dokumentumok al\u00e1\u00edr\u00e1s\u00e1nak egyik kateg\u00f3ri\u00e1ja.<\/p>\n<p>A Helpfordesk digit\u00e1lis al\u00e1\u00edr\u00e1s egy j\u00f3 megold\u00e1s erre.<\/p>\n<p>Az elektronikus al\u00e1\u00edr\u00e1si megold\u00e1sok gyorsan be\u00e1ll\u00edthat\u00f3k \u00e9s rendk\u00edv\u00fcl egyszer\u0171en haszn\u00e1lhat\u00f3k az al\u00e1\u00edr\u00f3k sz\u00e1m\u00e1ra, az e-al\u00e1\u00edr\u00e1s az \u00fczleti szerz\u0151d\u00e9sekt\u0151l a munkaaj\u00e1nlatokig, a sz\u00e1ml\u00e1kt\u00f3l a beszerz\u00e9si megrendel\u00e9sekig \u00e9s az \u00fcgyfelekkel k\u00f6t\u00f6tt ad\u00e1sv\u00e9teli szerz\u0151d\u00e9sekig mindenben megtal\u00e1lhat\u00f3.<\/p>\n<p>A digit\u00e1lis al\u00e1\u00edr\u00e1s az elektronikus al\u00e1\u00edr\u00e1s egy speci\u00e1lis t\u00edpusa, amely egy meghat\u00e1rozott technikai megval\u00f3s\u00edt\u00e1st haszn\u00e1l, hogy megfeleljen a szigor\u00faan szab\u00e1lyozott ipar\u00e1gak ig\u00e9nyeinek. A digit\u00e1lis al\u00e1\u00edr\u00e1sok haszn\u00e1lat\u00e1t jogi sz\u00f6vegek szab\u00e1lyozz\u00e1k, p\u00e9ld\u00e1ul a 2014-es eur\u00f3pai <a href=\"http:\/\/eur-lex.europa.eu\/legal-content\/EN\/TXT\/HTML\/?uri=CELEX:32014R0910&amp;from=EN\">eIDAS-rendelet<\/a> \u00e9s az Egyes\u00fclt Kir\u00e1lys\u00e1g 2016-os <a href=\"http:\/\/www.legislation.gov.uk\/uksi\/2016\/696\/pdfs\/uksi_20160696_en.pdf\">elektronikus azonos\u00edt\u00e1si \u00e9s bizalmi szolg\u00e1ltat\u00e1sokr\u00f3l sz\u00f3l\u00f3 elektronikus tranzakci\u00f3kra<\/a> vonatkoz\u00f3 szab\u00e1lyoz\u00e1sa.<\/p>\n<p>Ez a cikk r\u00e9szletesebben ismerteti a digit\u00e1lis al\u00e1\u00edr\u00e1s k\u00fcl\u00f6nb\u00f6z\u0151 t\u00edpusait: AES, QES. , \u00e9s SES, \u00e9s mikor haszn\u00e1lhat\u00f3k.<\/p>\n<p>\u00d6sszetettnek t\u0171nhetnek, de a digit\u00e1lis al\u00e1\u00edr\u00e1sok k\u00f6nnyebben \u00e9rthet\u0151k, miut\u00e1n n\u00e9h\u00e1ny kulcsfontoss\u00e1g\u00fa elemet elmagyar\u00e1ztunk.<\/p>\n<p>Javasoljuk, hogy olvassa el a <a href=\"https:\/\/www.helpfordesk.com\/hu\/gyakran-ismetelt-kerdesek\/\">Digit\u00e1lis al\u00e1\u00edr\u00e1ssal kapcsolatos GYIK<\/a> \u00fatmutat\u00f3nkat, ha el\u0151sz\u00f6r hall r\u00f3luk.<\/p>\n<\/div><\/div><\/div><\/div><\/div><\/div><\/div><\/div><\/div><\/div><\/div><\/p>\n","protected":false},"excerpt":{"rendered":"","protected":false},"author":1,"featured_media":0,"parent":0,"menu_order":66,"comment_status":"closed","ping_status":"closed","template":"","meta":{"_bbp_topic_count":0,"_bbp_reply_count":0,"_bbp_total_topic_count":0,"_bbp_total_reply_count":0,"_bbp_voice_count":0,"_bbp_anonymous_reply_count":0,"_bbp_topic_count_hidden":0,"_bbp_reply_count_hidden":0,"_bbp_forum_subforum_count":0,"footnotes":"","_wp_rev_ctl_limit":""},"class_list":["post-6396","page","type-page","status-publish","hentry"],"_links":{"self":[{"href":"https:\/\/www.helpfordesk.com\/hu\/wp-json\/wp\/v2\/pages\/6396","targetHints":{"allow":["GET"]}}],"collection":[{"href":"https:\/\/www.helpfordesk.com\/hu\/wp-json\/wp\/v2\/pages"}],"about":[{"href":"https:\/\/www.helpfordesk.com\/hu\/wp-json\/wp\/v2\/types\/page"}],"author":[{"embeddable":true,"href":"https:\/\/www.helpfordesk.com\/hu\/wp-json\/wp\/v2\/users\/1"}],"replies":[{"embeddable":true,"href":"https:\/\/www.helpfordesk.com\/hu\/wp-json\/wp\/v2\/comments?post=6396"}],"version-history":[{"count":0,"href":"https:\/\/www.helpfordesk.com\/hu\/wp-json\/wp\/v2\/pages\/6396\/revisions"}],"wp:attachment":[{"href":"https:\/\/www.helpfordesk.com\/hu\/wp-json\/wp\/v2\/media?parent=6396"}],"curies":[{"name":"wp","href":"https:\/\/api.w.org\/{rel}","templated":true}]}}