{"id":5261,"date":"2022-12-13T14:20:10","date_gmt":"2022-12-13T14:20:10","guid":{"rendered":"https:\/\/www.helpfordesk.com\/hu\/?page_id=5261"},"modified":"2026-03-26T16:19:39","modified_gmt":"2026-03-26T15:19:39","slug":"adatvedelmi-nyilatkozat","status":"publish","type":"page","link":"https:\/\/www.helpfordesk.com\/hu\/adatvedelmi-nyilatkozat\/","title":{"rendered":"Adatv\u00e9delmi nyilatkozat"},"content":{"rendered":"<p><div class=\"fusion-fullwidth fullwidth-box fusion-builder-row-1 fusion-flex-container has-pattern-background has-mask-background nonhundred-percent-fullwidth non-hundred-percent-height-scrolling\" style=\"--awb-border-radius-top-left:0px;--awb-border-radius-top-right:0px;--awb-border-radius-bottom-right:0px;--awb-border-radius-bottom-left:0px;--awb-flex-wrap:wrap;\" ><div class=\"fusion-builder-row fusion-row fusion-flex-align-items-flex-start fusion-flex-content-wrap\" style=\"max-width:1248px;margin-left: calc(-4% \/ 2 );margin-right: calc(-4% \/ 2 );\"><div class=\"fusion-layout-column fusion_builder_column fusion-builder-column-0 fusion_builder_column_1_1 1_1 fusion-flex-column\" style=\"--awb-bg-size:cover;--awb-width-large:100%;--awb-margin-top-large:0px;--awb-spacing-right-large:1.92%;--awb-margin-bottom-large:20px;--awb-spacing-left-large:1.92%;--awb-width-medium:100%;--awb-order-medium:0;--awb-spacing-right-medium:1.92%;--awb-spacing-left-medium:1.92%;--awb-width-small:100%;--awb-order-small:0;--awb-spacing-right-small:1.92%;--awb-spacing-left-small:1.92%;\"><div class=\"fusion-column-wrapper fusion-column-has-shadow fusion-flex-justify-content-flex-start fusion-content-layout-column\"><div style=\"text-align:center;\"><a class=\"fusion-button button-flat fusion-button-default-size button-default fusion-button-default button-1 fusion-button-default-span fusion-button-default-type\" target=\"_self\" href=\"https:\/\/www.helpfordesk.com\/hu\/wp-content\/uploads\/2022\/12\/Adatkezelesi_Tajekoztato_hu.pdf\"><span class=\"fusion-button-text awb-button__text awb-button__text--default\">Adatkezel\u00e9si \u00e9s Adatv\u00e9delmi nyilatkozat let\u00f6lt\u00e9s<\/span><\/a><\/div><\/div><\/div><\/div><\/div><div class=\"fusion-fullwidth fullwidth-box fusion-builder-row-2 fusion-flex-container has-pattern-background has-mask-background nonhundred-percent-fullwidth non-hundred-percent-height-scrolling\" style=\"--awb-border-radius-top-left:0px;--awb-border-radius-top-right:0px;--awb-border-radius-bottom-right:0px;--awb-border-radius-bottom-left:0px;--awb-flex-wrap:wrap;\" ><div class=\"fusion-builder-row fusion-row fusion-flex-align-items-flex-start fusion-flex-content-wrap\" style=\"max-width:1248px;margin-left: calc(-4% \/ 2 );margin-right: calc(-4% \/ 2 );\"><div class=\"fusion-layout-column fusion_builder_column fusion-builder-column-1 fusion_builder_column_1_1 1_1 fusion-flex-column\" style=\"--awb-bg-size:cover;--awb-width-large:100%;--awb-margin-top-large:0px;--awb-spacing-right-large:1.92%;--awb-margin-bottom-large:20px;--awb-spacing-left-large:1.92%;--awb-width-medium:100%;--awb-order-medium:0;--awb-spacing-right-medium:1.92%;--awb-spacing-left-medium:1.92%;--awb-width-small:100%;--awb-order-small:0;--awb-spacing-right-small:1.92%;--awb-spacing-left-small:1.92%;\"><div class=\"fusion-column-wrapper fusion-column-has-shadow fusion-flex-justify-content-flex-start fusion-content-layout-column\"><div class=\"fusion-text fusion-text-1\"><p><strong>ADATKEZEL\u00c9SI T\u00c1J\u00c9KOZTAT\u00d3<\/strong><br \/>\n<strong>Tartalomjegyz\u00e9k<\/strong><\/p>\n<p>1. MI A T\u00c1J\u00c9KOZTAT\u00d3 C\u00c9LJA? 1<br \/>\n2. ADATKEZEL\u0150 ADATAI 2<br \/>\n3. MILYEN ADATKEZEL\u00c9SI FOLYAMATOK T\u00d6RT\u00c9NNEK A WEBOLDALON? 2<br \/>\n4. MILYEN JOGAI VANNAK A FELHASZN\u00c1L\u00d3KNAK? 7<br \/>\n5. JOGGYAKORL\u00c1SRA IR\u00c1NYUL\u00d3 K\u00c9RELEMMEL KAPCSOLATOS ELJ\u00c1R\u00c1SUNK 9<br \/>\n6. SZEM\u00c9LYES ADATOK LEHETS\u00c9GES C\u00cdMZETTJEI, ADATFELDOLGOZ\u00d3K 10<br \/>\n7. Adatbiztons\u00e1g 12<br \/>\n8. S\u00dcTIK (COOKIES) 13<br \/>\n9. EGY\u00c9B RENDELKEZ\u00c9SEK 15<br \/>\n1. SZ\u00c1M\u00da MELL\u00c9KLET 17<br \/>\nA vonatkoz\u00f3 jogszab\u00e1lyok 17<br \/>\n2. sz\u00e1m\u00fa mell\u00e9klet 18<br \/>\nA szem\u00e9lyes adatok kezel\u00e9s\u00e9vel kapcsolatos fogalmak 18<br \/>\n3. sz\u00e1m\u00fa mell\u00e9klet 20<br \/>\n\u00c9rintetti jogok 20<br \/>\n1<br \/>\n1. Mi a t\u00e1j\u00e9koztat\u00f3 c\u00e9lja?<br \/>\nJelen T\u00e1j\u00e9koztat\u00f3t abb\u00f3l a c\u00e9lb\u00f3l fogadjuk el, hogy szolg\u00e1ltat\u00e1sainkat ig\u00e9nybe vev\u0151 term\u00e9szetes<br \/>\nszem\u00e9lyek \u00e9s jogi szem\u00e9lyek k\u00e9pvisel\u0151i (a tov\u00e1bbiakban: Felhaszn\u00e1l\u00f3k) r\u00e9sz\u00e9re minden l\u00e9nyeges<br \/>\ninform\u00e1ci\u00f3t \u00e9s t\u00e1j\u00e9koztat\u00e1st t\u00f6m\u00f6r, \u00e1tl\u00e1that\u00f3, \u00e9rthet\u0151 \u00e9s k\u00f6nnyen hozz\u00e1f\u00e9rhet\u0151 form\u00e1ban, vil\u00e1gosan \u00e9s<br \/>\nk\u00f6z\u00e9rthet\u0151en megfogalmazva k\u00f6z\u00f6lj\u00fcnk, valamint seg\u00edts\u00fck az \u00dcgyfeleket a 4. pontban szerepl\u0151 jogaik<br \/>\ngyakorl\u00e1s\u00e1ban.<br \/>\nT\u00e1j\u00e9koztat\u00e1si k\u00f6telezetts\u00e9g\u00fcnk alapja a 2018. m\u00e1jus 25. napj\u00e1t\u00f3l alkalmazand\u00f3, az Eur\u00f3pai Parlament<br \/>\n\u00e9s Tan\u00e1cs (EU) 2016\/679. sz\u00e1m\u00fa Rendelet (a tov\u00e1bbiakban: GDPR) 12. cikke, az \u00f6nrendelkez\u00e9si<br \/>\njogr\u00f3l \u00e9s az inform\u00e1ci\u00f3szabads\u00e1gr\u00f3l 2011. \u00e9vi CXII. t\u00f6rv\u00e9ny (a tov\u00e1bbiakban: Compgate Kft) 16. \u00a7-a,<br \/>\nilletve az elektronikus kereskedelmi szolg\u00e1ltat\u00e1sok, valamint az inform\u00e1ci\u00f3s t\u00e1rsadalommal<br \/>\n\u00f6sszef\u00fcgg\u0151 szolg\u00e1ltat\u00e1sok egyes k\u00e9rd\u00e9seir\u0151l sz\u00f3l\u00f3 2001. \u00e9vi CVIII. t\u00f6rv\u00e9ny (Elkertv.) 4. \u00a7-a.<br \/>\nA T\u00e1j\u00e9koztat\u00f3 a GDPR, az Compgate Kft., valamint az egyes adatkezel\u00e9sek szempontj\u00e1b\u00f3l relev\u00e1ns<br \/>\ntov\u00e1bbi jogszab\u00e1lyok figyelembev\u00e9tel\u00e9vel k\u00e9sz\u00fclt. A jogszab\u00e1lyok felsorol\u00e1s\u00e1t a T\u00e1j\u00e9koztat\u00f3 1. sz\u00e1m\u00fa<br \/>\nmell\u00e9klete, a legfontosabb fogalmak ismertet\u00e9s\u00e9t pedig a 2. sz\u00e1m\u00fa mell\u00e9klet tartalmazza.<br \/>\nJelen t\u00e1j\u00e9koztat\u00f3 kialak\u00edt\u00e1sa \u00e9s alkalmaz\u00e1sa sor\u00e1n a Nemzeti Adatv\u00e9delmi \u00e9s Inform\u00e1ci\u00f3szabads\u00e1g<br \/>\nHat\u00f3s\u00e1gnak az el\u0151zetes t\u00e1j\u00e9koztat\u00e1s adatv\u00e9delmi k\u00f6vetelm\u00e9nyeir\u0151l sz\u00f3l\u00f3 aj\u00e1nl\u00e1sban foglalt<br \/>\nmeg\u00e1llap\u00edt\u00e1sok, valamint a GDPR 5. cikk\u00e9nek figyelembev\u00e9tel\u00e9vel, k\u00fcl\u00f6n\u00f6sen az 5. cikk (2)<br \/>\nbekezd\u00e9s\u00e9ben szerepl\u0151 elsz\u00e1moltathat\u00f3s\u00e1g elv\u00e9nek szellem\u00e9ben j\u00e1rtunk el.<br \/>\n2. Adatkezel\u0151 adatai<br \/>\nN\u00e9v Compgate Kft.<br \/>\nWeboldal www.helpfordesk.com \u00e9s www.compgate.hu<br \/>\nC\u00e9gjegyz\u00e9ksz\u00e1m 01 09 895139<br \/>\nSz\u00e9khely 1138 Budapest N\u00e9pf\u00fcrd\u0151 utca 17\/f<br \/>\nAd\u00f3sz\u00e1m 14240591241<br \/>\nE-mail info@compgate.hu<br \/>\nTelefonsz\u00e1m +36 70 6265382<br \/>\n3. Milyen adatkezel\u00e9si folyamatok t\u00f6rt\u00e9nnek a Weboldalon?<br \/>\nJelen pontban r\u00e9szletezz\u00fck az egyes adatkezel\u00e9sekhez tartoz\u00f3 azon l\u00e9nyeges k\u00f6r\u00fclm\u00e9nyeket, melyeket<br \/>\na GDPR \u00e9s az egy\u00e9b \u00e1gazati jogszab\u00e1lyok elv\u00e1rnak minden adatkezel\u0151t\u0151l.<br \/>\n3.1. H\u00edrlev\u00e9l-k\u00fcld\u00e9shez kapcsol\u00f3d\u00f3 adatkezel\u00e9s<br \/>\n2<br \/>\nAnnak \u00e9rdek\u00e9ben, hogy naprak\u00e9sz inform\u00e1ci\u00f3kkal l\u00e1ssuk el Weboldalunk l\u00e1togat\u00f3it, lehet\u0151s\u00e9g van<br \/>\nfeliratkozni h\u00edrlevel\u00fcnkre. Az ezzel kapcsolatos adatkezel\u00e9sre az al\u00e1bbi inform\u00e1ci\u00f3k vonatkoznak:<br \/>\n3.1.1. A kezelt szem\u00e9lyes adatok \u00e9s az adatkezel\u00e9s c\u00e9lja<br \/>\nszem\u00e9lyes adat adatkezel\u00e9s c\u00e9lja<br \/>\nn\u00e9v ennek megad\u00e1s\u00e1val h\u00edrlevel\u00fcnkben meg tudjuk<br \/>\nsz\u00f3l\u00edtani a Felhaszn\u00e1l\u00f3t<br \/>\ne-mail c\u00edm<br \/>\nennek megad\u00e1s\u00e1val ismerj\u00fck meg a Felhaszn\u00e1l\u00f3<br \/>\nelektronikus el\u00e9rhet\u0151s\u00e9get, ahova k\u00fcldeni tudjuk<br \/>\nh\u00edrlevel\u00fcnket<br \/>\n3.1.2. Az adatkezel\u00e9s jogalapja<br \/>\nA Felhaszn\u00e1l\u00f3 hozz\u00e1j\u00e1rul\u00e1sa (GDPR 6. cikk (1) a) pontja, illetve a gazdas\u00e1gi rekl\u00e1mtev\u00e9kenys\u00e9g<br \/>\nalapvet\u0151 felt\u00e9teleir\u0151l \u00e9s egyes korl\u00e1tair\u00f3l sz\u00f3l\u00f3 2008. \u00e9vi XLVIII. t\u00f6rv\u00e9ny (a tov\u00e1bbiakban: Grt.) 6. \u00a7<br \/>\n(1) bekezd\u00e9se).<br \/>\n3.1.3. Az adatkezel\u00e9s id\u0151tartama<br \/>\nA megadott szem\u00e9lyes adatokat a hozz\u00e1j\u00e1rul\u00e1s visszavon\u00e1s\u00e1ig kezelj\u00fck. Hozz\u00e1j\u00e1rul\u00e1s\u00e1t a kik\u00fcld\u00f6tt<br \/>\nlev\u00e9lben tal\u00e1lhat\u00f3 \u201eLeiratkoz\u00e1s\u201d gombra val\u00f3 kattint\u00e1ssal a Felhaszn\u00e1l\u00f3 b\u00e1rmikor visszavonhatja.<br \/>\n3.1.4. Az adatkezel\u00e9s m\u00f3dja<br \/>\nElektronikus form\u00e1ban.<br \/>\n3.2. Kapcsolatfelv\u00e9tellel \u00f6sszef\u00fcgg\u0151 adatkezel\u00e9s<br \/>\nWeboldalunkon kereszt\u00fcl fel lehet venni vel\u00fcnk a kapcsolatot b\u00e1rmilyen c\u00e9lb\u00f3l. Az ehhez kapcsol\u00f3d\u00f3<br \/>\nadatkezel\u00e9s r\u00e9szletei az al\u00e1bbiakban l\u00e1that\u00f3ak.<br \/>\n3.2.1. A kezelt szem\u00e9lyes adatok \u00e9s az adatkezel\u00e9s c\u00e9lja<br \/>\nszem\u00e9lyes adat adatkezel\u00e9s c\u00e9lja<br \/>\nn\u00e9v Felhaszn\u00e1l\u00f3 beazonos\u00edt\u00e1sa<br \/>\ne-mail c\u00edm kapcsolatfelv\u00e9tel a Felhaszn\u00e1l\u00f3val<br \/>\n3<br \/>\ntelefonsz\u00e1m kapcsolatfelv\u00e9tel a Felhaszn\u00e1l\u00f3val<br \/>\n3.2.2. Az adatkezel\u00e9s jogalapja<br \/>\nJogszab\u00e1lyon alapul\u00f3 adatkezel\u00e9s; GDPR 6. cikk (1) c) pontj\u00e1ra \u00e9s (2) bekezd\u00e9s\u00e9re figyelemmel az<br \/>\nInfo tv. 5. \u00a7 (1) b) pontja \u00e9s az Elkertv. 13\/A. \u00a7 (1) \u00e9s (3) bekezd\u00e9sei.<br \/>\n3.2.3. Az adatkezel\u00e9s id\u0151tartama<br \/>\nA kapcsolatfelv\u00e9telt k\u00f6vet\u0151 5 \u00e9vig.<br \/>\n3.2.4. Az adatkezel\u00e9s m\u00f3dja<br \/>\nElektronikus form\u00e1ban.<br \/>\n3.3. Megrendel\u00e9sekkel kapcsolatos adatkezel\u00e9s<br \/>\nWeboldalunkon lehet\u0151s\u00e9g van k\u00fcl\u00f6nf\u00e9le term\u00e9kek megrendel\u00e9s\u00e9re. Az ehhez kapcsol\u00f3d\u00f3<br \/>\nadatkezel\u00e9seket ismertetj\u00fck jelen pontban.<br \/>\n3.3.1. A kezelt szem\u00e9lyes adatok \u00e9s az adatkezel\u00e9s c\u00e9lja<br \/>\nszem\u00e9lyes adat adatkezel\u00e9s c\u00e9lja<br \/>\nn\u00e9v<br \/>\na megrendel\u00e9s teljes\u00edt\u00e9se sor\u00e1n a n\u00e9v<br \/>\nmegad\u00e1s\u00e1val tudjuk azonos\u00edtani a term\u00e9k<br \/>\nmegrendel\u0151j\u00e9t<br \/>\nlakc\u00edm (ir\u00e1ny\u00edt\u00f3sz\u00e1m, v\u00e1ros, utcan\u00e9v, h\u00e1zsz\u00e1m<br \/>\negy\u00fctt)<br \/>\na megadott c\u00edmre tudjuk postai \u00faton megk\u00fcldeni<br \/>\na megrendelt term\u00e9ket<br \/>\ntelefonsz\u00e1m a megrendel\u0151vel t\u00f6rt\u00e9n\u0151 kapcsolattart\u00e1s \u00e9s<br \/>\nt\u00e1j\u00e9koztat\u00e1s a megrendel\u00e9s r\u00e9szleteir\u0151l<br \/>\ne-mail c\u00edm a megrendel\u0151vel t\u00f6rt\u00e9n\u0151 kapcsolattart\u00e1s \u00e9s<br \/>\nt\u00e1j\u00e9koztat\u00e1s a megrendel\u00e9s r\u00e9szleteir\u0151l<br \/>\n3.3.2. Az adatkezel\u00e9s jogalapja<br \/>\nSzerz\u0151d\u00e9s teljes\u00edt\u00e9se, melynek felei az Adatkezel\u0151 \u00e9s a Felhaszn\u00e1l\u00f3 (GDPR 6. cikk (1) b) pont)<br \/>\n4<br \/>\nHa a megrendel\u0151 jogi szem\u00e9ly, kapcsolattart\u00f3j\u00e1nak fenti szem\u00e9lyes adatai kezel\u00e9s\u00e9nek jogalapja az<br \/>\nadatkezel\u0151i \u00e9s a megrendel\u0151i jogos \u00e9rdek (GDPR 6. cikk (1) f) pont). Mindk\u00e9t f\u00e9l jogos \u00e9rdeke, hogy a<br \/>\nmegrendel\u00e9s sor\u00e1n hat\u00e9konyan t\u00f6rt\u00e9njen az \u00fczleti kommunik\u00e1ci\u00f3 \u00e9s b\u00e1rmilyen, a k\u00f6zt\u00fcnk l\u00e9trej\u00f6tt<br \/>\nszerz\u0151d\u00e9st \u00e9rint\u0151 l\u00e9nyeges k\u00f6r\u00fclm\u00e9nyr\u0151l t\u00e1j\u00e9koztat\u00e1st tudjunk ny\u00fajtani egym\u00e1s kijel\u00f6lt k\u00e9pvisel\u0151j\u00e9nek.<br \/>\nA megrendel\u0151 kapcsolattart\u00f3j\u00e1nak inform\u00e1ci\u00f3s \u00f6nrendelkez\u00e9si jog\u00e1nak s\u00e9relme nem \u00e1llap\u00edthat\u00f3 meg,<br \/>\nmert munkak\u00f6ri, vagy szerz\u0151d\u00e9ses k\u00f6telezetts\u00e9ge el\u0151seg\u00edteni a felek k\u00f6z\u00f6tti kommunik\u00e1ci\u00f3t \u00e9s<br \/>\nmegadni szem\u00e9lyes adatait ebb\u0151l a c\u00e9lb\u00f3l.<br \/>\n3.3.3. Az adatkezel\u00e9s id\u0151tartama<br \/>\nFigyelemmel a Polg\u00e1ri T\u00f6rv\u00e9nyk\u00f6nyvr\u0151l sz\u00f3l\u00f3 2013. \u00e9vi V. t\u00f6rv\u00e9ny (Ptk.) 6:22. \u00a7 (1) bekezd\u00e9s\u00e9re, a<br \/>\nfenti c\u00e9lok \u00e9rdek\u00e9ben a megrendel\u00e9s teljes\u00edt\u00e9s\u00e9t k\u00f6vet\u0151 5 \u00e9vig t\u00e1roljuk a megadott szem\u00e9lyes adatokat.<br \/>\n3.3.4. Az adatkezel\u00e9s m\u00f3dja<br \/>\nElektronikus form\u00e1ban.<br \/>\n3.3.5. A szem\u00e9lyes adatok szolg\u00e1ltat\u00e1sa<br \/>\nTekintettel arra, hogy a jelen pontban szerepl\u0151 szem\u00e9lyes adatok ismerete n\u00e9lk\u00fcl a megrendel\u00e9seket<br \/>\nnem tudjuk teljes\u00edteni, a szem\u00e9lyes adatok megad\u00e1sa szerz\u0151d\u00e9s k\u00f6t\u00e9s\u00e9nek el\u0151felt\u00e9tele.<br \/>\n3.4. Sz\u00e1mla-ki\u00e1ll\u00edt\u00e1ssal kapcsolatos adatkezel\u00e9sek<br \/>\nA megrendel\u00e9sek teljes\u00edt\u00e9s\u00e9t k\u00f6vet\u0151en \u2013 figyelemmel a sz\u00e1mvitelr\u0151l sz\u00f3l\u00f3 2000. \u00e9vi C. t\u00f6rv\u00e9nyre (a<br \/>\ntov\u00e1bbiakban: Sztv.) \u2013 sz\u00e1mviteli bizonylatot \u00e1ll\u00edtunk ki. Az ezzel kapcsolatos adatkezel\u00e9sek r\u00e9szletei<br \/>\naz al\u00e1bbiakban l\u00e1that\u00f3ak.<br \/>\n3.4.1. A kezelt szem\u00e9lyes adatok \u00e9s az adatkezel\u00e9s c\u00e9lja<br \/>\nszem\u00e9lyes adat adatkezel\u00e9s c\u00e9lja<br \/>\nn\u00e9v a megrendel\u00e9s teljes\u00edt\u00e9s\u00e9r\u0151l (gazdas\u00e1gi esem\u00e9ny)<br \/>\nval\u00f3 sz\u00e1mviteli elsz\u00e1mol\u00e1s al\u00e1t\u00e1maszt\u00e1sa<br \/>\nlakc\u00edm\/egy\u00e9ni v\u00e1llalkoz\u00f3n\u00e1l sz\u00e9khely<br \/>\n(ir\u00e1ny\u00edt\u00f3sz\u00e1m, v\u00e1ros, utcan\u00e9v, h\u00e1zsz\u00e1m egy\u00fctt)<br \/>\na megrendel\u00e9s teljes\u00edt\u00e9s\u00e9r\u0151l (gazdas\u00e1gi esem\u00e9ny)<br \/>\nval\u00f3 sz\u00e1mviteli elsz\u00e1mol\u00e1s al\u00e1t\u00e1maszt\u00e1sa<br \/>\n5<br \/>\n3.4.2. Az adatkezel\u00e9s jogalapja<br \/>\nJogszab\u00e1lyon alapul\u00f3 adatkezel\u00e9s (GDPR 6. cikk (1) c) pontj\u00e1ra figyelemmel az Info tv. 5. \u00a7 (1) b)<br \/>\npontja \u00e9s az Sztv. 166. \u00a7 (1)-(3) bekezd\u00e9sei).<br \/>\n3.4.3. Az adatkezel\u00e9s id\u0151tartama<br \/>\nA sz\u00e1mviteli bizonylat ki\u00e1ll\u00edt\u00e1s\u00e1t k\u00f6vet\u0151 8 \u00e9vig (Sztv. 166. \u00a7 (6) bekezd\u00e9s\u00e9re figyelemmel az Sztv.<br \/>\n169. \u00a7 (1) bekezd\u00e9se<br \/>\n3.4.4. Az adatkezel\u00e9s m\u00f3dja<br \/>\nElektronikus form\u00e1ban.<br \/>\n3.4.5. A szem\u00e9lyes adatok szolg\u00e1ltat\u00e1sa<br \/>\nTekintettel arra, hogy a jelen pontban szerepl\u0151 szem\u00e9lyes adatok ismerete n\u00e9lk\u00fcl nem tudunk<br \/>\nsz\u00e1mviteli bizonylatot ki\u00e1ll\u00edtani, a szem\u00e9lyes adatok szolg\u00e1ltat\u00e1sa jogszab\u00e1lyon alapul.<br \/>\n3.5. \u00dcgyf\u00e9lszolg\u00e1lattal kapcsolatos adatkezel\u00e9sek<br \/>\nA Felhaszn\u00e1l\u00f3k k\u00e9rd\u00e9seire t\u00f6rt\u00e9n\u0151 v\u00e1laszad\u00e1s, illetve az esetleges panaszok kivizsg\u00e1l\u00e1sa c\u00e9lj\u00e1b\u00f3l<br \/>\n\u00fcgyf\u00e9lszolg\u00e1latot tartunk fenn Weboldalunkon.<br \/>\n3.5.1. A kezelt szem\u00e9lyes adatok \u00e9s az adatkezel\u00e9s c\u00e9lja<br \/>\nszem\u00e9lyes adat adatkezel\u00e9s c\u00e9lja<br \/>\nn\u00e9v a Felhaszn\u00e1l\u00f3 beazonos\u00edt\u00e1sa<br \/>\ne-mail c\u00edm a Felhaszn\u00e1l\u00f3val t\u00f6rt\u00e9n\u0151 kapcsolattart\u00e1s \u00e9s<br \/>\nt\u00e1j\u00e9koztat\u00e1s ny\u00fajt\u00e1sa<br \/>\ntelefonsz\u00e1m a Felhaszn\u00e1l\u00f3val t\u00f6rt\u00e9n\u0151 kapcsolattart\u00e1s \u00e9s<br \/>\nt\u00e1j\u00e9koztat\u00e1s ny\u00fajt\u00e1sa<br \/>\n3.5.2. Az adatkezel\u00e9s jogalapja<br \/>\nJogszab\u00e1lyon alapul\u00f3 adatkezel\u00e9s; GDPR 6. cikk (1) c) pontj\u00e1ra \u00e9s (2) bekezd\u00e9s\u00e9re figyelemmel az<br \/>\nInfo tv. 5. \u00a7 (1) b) pontja \u00e9s a fogyaszt\u00f3v\u00e9delemr\u0151l sz\u00f3l\u00f3 1997. \u00e9vi CLV. t\u00f6rv\u00e9ny (Fgytv.)<br \/>\n6<br \/>\n3.5.3. Az adatkezel\u00e9s id\u0151tartama<br \/>\nAz Fgytv. 17\/A. \u00a7 (7) bekezd\u00e9s\u00e9re figyelemmel a panasz be\u00e9rkez\u00e9s\u00e9t\u0151l sz\u00e1m\u00edtott 5 \u00e9vig.<br \/>\n3.5.4. Az adatkezel\u00e9s m\u00f3dja<br \/>\nElektronikus form\u00e1ban.<br \/>\n3.6. Regisztr\u00e1ci\u00f3hoz kapcsol\u00f3d\u00f3 adatkezel\u00e9s<br \/>\nWeboldalunkon rendszer haszn\u00e1lata k\u00fcl\u00f6nf\u00e9le kedvezm\u00e9nyek ig\u00e9nybev\u00e9tele gyorsabb megrendel\u00e9s,<br \/>\nrendel\u00e9si el\u0151zm\u00e9nyek megtekint\u00e9se, rendel\u00e9s \u00e1llapot\u00e1nak k\u00f6vet\u00e9se c\u00e9lj\u00e1b\u00f3l lehet\u0151s\u00e9g van regisztr\u00e1lni.<br \/>\nAz ehhez kapcsol\u00f3d\u00f3 adatkezel\u00e9sek r\u00e9szletei az al\u00e1bbiakban l\u00e1that\u00f3ak:<br \/>\n3.6.1. A kezelt szem\u00e9lyes adatok \u00e9s az adatkezel\u00e9s c\u00e9lja<br \/>\nszem\u00e9lyes adat adatkezel\u00e9s c\u00e9lja<br \/>\nn\u00e9v Felhaszn\u00e1l\u00f3 beazonos\u00edt\u00e1sa<br \/>\nlakc\u00edm a megrendel\u00e9sekhez t\u00f6bblet inform\u00e1ci\u00f3<br \/>\nszolg\u00e1ltat\u00e1sa<br \/>\ne-mail c\u00edm kapcsolattart\u00e1s a Felhaszn\u00e1l\u00f3val<br \/>\ntelefonsz\u00e1m kapcsolattart\u00e1s a Felhaszn\u00e1l\u00f3val<br \/>\njelsz\u00f3 technikai m\u0171veletek v\u00e9gz\u00e9se<br \/>\n3.6.2. Az adatkezel\u00e9s jogalapja<br \/>\nJogszab\u00e1lyon alapul\u00f3 adatkezel\u00e9s; GDPR 6. cikk (1) c) pontj\u00e1ra \u00e9s (2) bekezd\u00e9s\u00e9re figyelemmel az<br \/>\nInfo tv. 5. \u00a7 (1) b) pontja \u00e9s az Elkertv. 13\/A. \u00a7 (1) bekezd\u00e9se<br \/>\n3.6.3. Az adatkezel\u00e9s id\u0151tartama<br \/>\nA Felhaszn\u00e1l\u00f3 k\u00e9r\u00e9s\u00e9re t\u00f6rt\u00e9n\u0151 t\u00f6rl\u00e9sig. Amennyiben a Felhaszn\u00e1l\u00f3 nem haszn\u00e1lja fi\u00f3kj\u00e1t, profilj\u00e1t az<br \/>\nutols\u00f3 megrendel\u00e9st k\u00f6vet\u0151 5 \u00e9v eltelt\u00e9vel t\u00f6r\u00f6lj\u00fck.<br \/>\n3.6.4. Az adatkezel\u00e9s m\u00f3dja<br \/>\nElektronikus form\u00e1ban.<br \/>\n7<br \/>\n4. Milyen jogai vannak a Felhaszn\u00e1l\u00f3knak?<br \/>\nSz\u00e1munkra fontos, hogy adatkezel\u00e9s\u00fcnk megfeleljen a tisztess\u00e9gess\u00e9g, a jogszer\u0171s\u00e9g \u00e9s az \u00e1tl\u00e1that\u00f3s\u00e1g<br \/>\nk\u00f6vetelm\u00e9nyeinek. Ennek f\u00e9ny\u00e9ben jelen pontban r\u00f6viden bemutatjuk az egyes \u00e9rintetti jogokat, majd<br \/>\nezeket b\u0151vebben kifejtj\u00fck a t\u00e1j\u00e9koztat\u00f3 3. sz\u00e1m\u00fa mell\u00e9klet\u00e9ben.<br \/>\nFelhaszn\u00e1l\u00f3nk ingyenes t\u00e1j\u00e9koztat\u00e1st k\u00e9rhet szem\u00e9lyes adatai kezel\u00e9s\u00e9nek r\u00e9szleteir\u0151l, valamint<br \/>\njogszab\u00e1lyban meghat\u00e1rozott esetekben k\u00e9rheti azok helyesb\u00edt\u00e9s\u00e9t, t\u00f6rl\u00e9s\u00e9t, z\u00e1rol\u00e1s\u00e1t, vagy<br \/>\nkezel\u00e9s\u00e9nek korl\u00e1toz\u00e1s\u00e1t, \u00e9s tiltakozhat az ilyen szem\u00e9lyes adatok kezel\u00e9se ellen. A t\u00e1j\u00e9koztat\u00e1s<br \/>\nk\u00e9r\u00e9s\u00e9t \u00e9s a jelen pontban szerepl\u0151 k\u00e9relmeket Felhaszn\u00e1l\u00f3nk 2. pontban szerepl\u0151 el\u00e9rhet\u0151s\u00e9geinkre<br \/>\ntudja c\u00edmezni.<br \/>\n4.1. Hozz\u00e1f\u00e9r\u00e9si jog<br \/>\nFelhaszn\u00e1l\u00f3nk visszajelz\u00e9st kaphat t\u0151l\u00fcnk szem\u00e9lyes adatainak kezel\u00e9s\u00e9r\u0151l \u00e9s ezekhez a szem\u00e9lyes<br \/>\nadatokhoz, illetve kezel\u00e9s\u00fck r\u00e9szleteihez hozz\u00e1f\u00e9rhet.<br \/>\n4.2. Helyesb\u00edt\u00e9shez val\u00f3 jog<br \/>\nFelhaszn\u00e1l\u00f3nk k\u00e9r\u00e9s\u00e9re indokolatlan k\u00e9sedelem n\u00e9lk\u00fcl helyesb\u00edtj\u00fck a r\u00e1 vonatkoz\u00f3 pontatlan<br \/>\nszem\u00e9lyes adatokat, illetve jogosult k\u00e9rni a hi\u00e1nyos szem\u00e9lyes adatok \u2013 egyebek mellett kieg\u00e9sz\u00edt\u0151<br \/>\nnyilatkozat \u00fatj\u00e1n t\u00f6rt\u00e9n\u0151 \u2013 kieg\u00e9sz\u00edt\u00e9s\u00e9t.<br \/>\n4.3. T\u00f6rl\u00e9shez val\u00f3 jog<br \/>\nFelhaszn\u00e1l\u00f3nk k\u00e9r\u00e9s\u00e9re t\u00f6r\u00f6lj\u00fck a r\u00e1 vonatkoz\u00f3 szem\u00e9lyes adatokat, ha azok kezel\u00e9s\u00e9re nincsen<br \/>\nsz\u00fcks\u00e9g\u00fcnk, vagy visszavonja hozz\u00e1j\u00e1rul\u00e1s\u00e1t, vagy tiltakozik az adatkezel\u00e9s ellen, vagy kezel\u00e9s\u00fck<br \/>\njogellenes.<br \/>\n4.4. Elfeled\u00e9shez val\u00f3 jog<br \/>\nFelhaszn\u00e1l\u00f3nk t\u00f6rl\u00e9sre ir\u00e1nyul\u00f3 k\u00e9relm\u00e9r\u0151l \u2013 ha ig\u00e9nyli \u2013 igyeksz\u00fcnk \u00e9rtes\u00edteni minden olyan<br \/>\nadatkezel\u0151t, aki Felhaszn\u00e1l\u00f3nk esetlegesen nyilv\u00e1noss\u00e1gra ker\u00fclt adatait megismerte, illetve<br \/>\nmegismerhette.<br \/>\n8<br \/>\n4.5. Adatkezel\u00e9s korl\u00e1toz\u00e1s\u00e1hoz val\u00f3 jog<br \/>\nFelhaszn\u00e1l\u00f3nk k\u00e9r\u00e9s\u00e9re korl\u00e1tozzuk az adatkezel\u00e9st, ha a szem\u00e9lyes adatok pontoss\u00e1ga vitatott, vagy<br \/>\njogellenes az adatkezel\u00e9s, vagy Felhaszn\u00e1l\u00f3nk tiltakozik az adatkezel\u00e9s ellen, illetve ha nincsen<br \/>\nsz\u00fcks\u00e9g\u00fcnk a tov\u00e1bbiakban a megadott szem\u00e9lyes adatokra.<br \/>\n4.6. Adathordozhat\u00f3s\u00e1ghoz val\u00f3 jog<br \/>\nFelhaszn\u00e1l\u00f3nk a r\u00e1 vonatkoz\u00f3, \u00e1ltala megadott szem\u00e9lyes adatokat tagolt, sz\u00e9les k\u00f6rben haszn\u00e1lt,<br \/>\ng\u00e9ppel olvashat\u00f3 form\u00e1tumban megkaphatja, illetve ezeket tov\u00e1bb\u00edthatja egy m\u00e1sik adatkezel\u0151nek.<br \/>\n4.7. Reag\u00e1l\u00e1s a k\u00e9relmekre<br \/>\nA k\u00e9relmet annak beny\u00fajt\u00e1s\u00e1t\u00f3l sz\u00e1m\u00edtott legr\u00f6videbb id\u0151n bel\u00fcl, de legfeljebb 30 nap \u2013 tiltakoz\u00e1s<br \/>\neset\u00e9n 15 nap \u2013 alatt megvizsg\u00e1ljuk, \u00e9s annak megalapozotts\u00e1ga k\u00e9rd\u00e9s\u00e9ben d\u00f6nt\u00e9st hozunk, amelyr\u0151l<br \/>\na k\u00e9relmez\u0151t \u00edr\u00e1sban t\u00e1j\u00e9koztatjuk. Ha Felhaszn\u00e1l\u00f3nk k\u00e9relm\u00e9t nem teljes\u00edtj\u00fck, d\u00f6nt\u00e9s\u00fcnkben k\u00f6z\u00f6lj\u00fck<br \/>\na k\u00e9relem elutas\u00edt\u00e1s\u00e1nak t\u00e9nybeli \u00e9s jogi indokait.<br \/>\n4.8. Jogorvoslati lehet\u0151s\u00e9gek<br \/>\nSz\u00e1munkra fontos a szem\u00e9lyes adatok v\u00e9delme, egy\u00fattal tiszteletben tartjuk a Felhaszn\u00e1l\u00f3k<br \/>\ninform\u00e1ci\u00f3s \u00f6nrendelkez\u00e9si jog\u00e1t, ez\u00e9rt igyeksz\u00fcnk minden k\u00e9relemre korrekt m\u00f3don \u00e9s hat\u00e1rid\u0151n<br \/>\nbel\u00fcl reag\u00e1lni. Erre tekintettel k\u00e9rj\u00fck a Tisztelt Felhaszn\u00e1l\u00f3kat, hogy az esetleges hat\u00f3s\u00e1gi \u00e9s b\u00edr\u00f3s\u00e1gi<br \/>\nig\u00e9ny\u00e9rv\u00e9nyes\u00edt\u00e9s ig\u00e9nybev\u00e9tele el\u0151tt sz\u00edveskedjenek felvenni a kapcsolatot \u2013 panasz megt\u00e9tele<br \/>\nc\u00e9lj\u00e1b\u00f3l \u2013 vel\u00fcnk a felmer\u00fclt konfliktusok b\u00e9k\u00e9s \u00faton t\u00f6rt\u00e9n\u0151 rendez\u00e9se \u00e9rdek\u00e9ben.<br \/>\nAmennyiben a megkeres\u00e9s nem vezet eredm\u00e9nyre, Felhaszn\u00e1l\u00f3nk<br \/>\n&#8211; a Polg\u00e1ri T\u00f6rv\u00e9nyk\u00f6nyvr\u0151l sz\u00f3l\u00f3 2013. \u00e9vi V. t\u00f6rv\u00e9ny alapj\u00e1n b\u00edr\u00f3s\u00e1g el\u0151tt \u00e9rv\u00e9nyes\u00edtheti<br \/>\njogait (a per Felhaszn\u00e1l\u00f3nk lak\u00f3helye vagy tart\u00f3zkod\u00e1si helye szerint illet\u00e9kes t\u00f6rv\u00e9nysz\u00e9k<br \/>\nel\u0151tt is megind\u00edthat\u00f3; a t\u00f6rv\u00e9nysz\u00e9kek felsorol\u00e1s\u00e1t \u00e9s el\u00e9rhet\u0151s\u00e9g\u00e9t az al\u00e1bbi linken kereszt\u00fcl<br \/>\nlehet megtekinteni: http:\/\/birosag.hu\/torvenyszekek), valamint<br \/>\n&#8211; az Infotv.-ben foglaltak szerint a Nemzeti Adatv\u00e9delmi \u00e9s Inform\u00e1ci\u00f3szabads\u00e1g Hat\u00f3s\u00e1ghoz<br \/>\n(c\u00edm: 1125 Budapest, Szil\u00e1gyi Erzs\u00e9bet fasor 22\/c.; telefon: +36-1-391-1400; fax:<br \/>\n+36-1-391-1410; e-mail: ugyfelszolgalat@naih.hu; honlap:<br \/>\nhttps:\/\/www.naih.hu\/panaszuegyintezes-rendje.html; online \u00fcgyind\u00edt\u00e1s:<br \/>\nhttps:\/\/www.naih.hu\/online-uegyinditas.html; a tov\u00e1bbiakban: NAIH) fordulhat \u00e9s panaszt<br \/>\ntehet.<br \/>\n5. Joggyakorl\u00e1sra ir\u00e1nyul\u00f3 k\u00e9relemmel kapcsolatos elj\u00e1r\u00e1sunk<br \/>\n9<br \/>\n5.1. C\u00edmzettek \u00e9rtes\u00edt\u00e9se<br \/>\nHelyesb\u00edt\u00e9sr\u0151l, t\u00f6rl\u00e9sr\u0151l, adatkezel\u00e9s-korl\u00e1toz\u00e1sr\u00f3l minden esetben \u00e9rtes\u00edtj\u00fck azokat a c\u00edmzetteket<br \/>\nakikkel, illetve amelyekkel a Felhaszn\u00e1l\u00f3 szem\u00e9lyes adatait k\u00f6z\u00f6lt\u00fck, kiv\u00e9ve, ha ez lehetetlennek<br \/>\nbizonyult, vagy ar\u00e1nytalanul nagy er\u0151fesz\u00edt\u00e9st ig\u00e9nyel. A Felhaszn\u00e1l\u00f3 k\u00e9r\u00e9s\u00e9re t\u00e1j\u00e9koztat\u00e1st ny\u00fajtunk<br \/>\nezekr\u0151l a c\u00edmzettekr\u0151l.<br \/>\n5.2. T\u00e1j\u00e9koztat\u00e1s m\u00f3dja, hat\u00e1rideje<br \/>\nA 4. ponthoz kapcsol\u00f3d\u00f3 k\u00e9relmek nyom\u00e1n hozott int\u00e9zked\u00e9sekr\u0151l legfeljebb a k\u00e9relem be\u00e9rkez\u00e9s\u00e9t\u0151l<br \/>\nsz\u00e1m\u00edtott egy h\u00f3napon bel\u00fcl \u2013 ha a Felhaszn\u00e1l\u00f3 m\u00e1sk\u00e9nt nem k\u00e9ri \u2013 elektronikus form\u00e1ban<br \/>\nt\u00e1j\u00e9koztat\u00e1st ny\u00fajtunk. Ez a hat\u00e1rid\u0151 sz\u00fcks\u00e9g eset\u00e9n \u2013 a k\u00e9relem \u00f6sszetetts\u00e9ge, illetve a k\u00e9relmek<br \/>\nsz\u00e1m\u00e1ra tekintettel \u2013 tov\u00e1bbi k\u00e9t h\u00f3nappal meghosszabb\u00edthat\u00f3. A hat\u00e1rid\u0151 meghosszabb\u00edt\u00e1s\u00e1r\u00f3l annak<br \/>\nokainak megjel\u00f6l\u00e9s\u00e9vel a k\u00e9relem k\u00e9zhezv\u00e9tel\u00e9t\u0151l sz\u00e1m\u00edtott egy h\u00f3napon bel\u00fcl t\u00e1j\u00e9koztatjuk a<br \/>\nFelhaszn\u00e1l\u00f3t.<br \/>\nA Felhaszn\u00e1l\u00f3 k\u00e9r\u00e9s\u00e9re sz\u00f3beli t\u00e1j\u00e9koztat\u00e1s is adhat\u00f3, felt\u00e9ve, hogy m\u00e1s m\u00f3don igazolja<br \/>\nszem\u00e9lyazonoss\u00e1g\u00e1t.<br \/>\nAmennyiben nem int\u00e9zked\u00fcnk a k\u00e9relem nyom\u00e1n, legfeljebb annak be\u00e9rkez\u00e9s\u00e9t\u0151l sz\u00e1m\u00edtott egy<br \/>\nh\u00f3napon bel\u00fcl t\u00e1j\u00e9koztatjuk a Felhaszn\u00e1l\u00f3t ennek okair\u00f3l, valamint arr\u00f3l, hogy panaszt ny\u00fajthat be a<br \/>\nNAIH-n\u00e1l, \u00e9s \u00e9lhet b\u00edr\u00f3s\u00e1gi jogorvoslati jog\u00e1val (4.8. pont).<br \/>\n5.3. Ellen\u0151rz\u00e9s<br \/>\nKiv\u00e9teles esetben, ha megalapozott k\u00e9ts\u00e9geink vannak a k\u00e9relmet beny\u00fajt\u00f3 term\u00e9szetes szem\u00e9ly<br \/>\nkil\u00e9t\u00e9vel kapcsolatban, tov\u00e1bbi, szem\u00e9lyazonoss\u00e1g meger\u0151s\u00edt\u00e9s\u00e9hez sz\u00fcks\u00e9ges inform\u00e1ci\u00f3k ny\u00fajt\u00e1s\u00e1t<br \/>\nk\u00e9rj\u00fck. Ez az int\u00e9zked\u00e9s a GDPR 5. cikk (1) bekezd\u00e9s f) pontj\u00e1ban meghat\u00e1rozott, az adatkezel\u00e9s<br \/>\nbizalmass\u00e1g\u00e1nak el\u0151seg\u00edt\u00e9se, azaz a szem\u00e9lyes adatokhoz val\u00f3 jogosulatlan hozz\u00e1f\u00e9r\u00e9s<br \/>\nmegakad\u00e1lyoz\u00e1sa c\u00e9lj\u00e1b\u00f3l sz\u00fcks\u00e9ges.<br \/>\n5.4. T\u00e1j\u00e9koztat\u00e1s \u00e9s int\u00e9zked\u00e9s k\u00f6lts\u00e9gei<br \/>\nA 4. ponthoz kapcsol\u00f3d\u00f3 k\u00e9relmekre adott t\u00e1j\u00e9koztat\u00e1st, illetve az azok alapj\u00e1n megtett int\u00e9zked\u00e9seket<br \/>\nd\u00edjmentesen biztos\u00edtjuk.<br \/>\nHa a Felhaszn\u00e1l\u00f3 k\u00e9relme egy\u00e9rtelm\u0171en megalapozatlan vagy \u2013 k\u00fcl\u00f6n\u00f6sen ism\u00e9tl\u0151d\u0151 jellege miatt \u2013<br \/>\nt\u00falz\u00f3, \u2013 figyelemmel a k\u00e9rt inform\u00e1ci\u00f3 vagy t\u00e1j\u00e9koztat\u00e1s ny\u00fajt\u00e1s\u00e1val vagy a k\u00e9rt int\u00e9zked\u00e9s<br \/>\nmeghozatal\u00e1val j\u00e1r\u00f3 adminisztrat\u00edv k\u00f6lts\u00e9gekre \u2013 \u00e9sszer\u0171 d\u00edjat sz\u00e1m\u00edtunk fel, vagy megtagadjuk a<br \/>\nk\u00e9relem alapj\u00e1n t\u00f6rt\u00e9n\u0151 int\u00e9zked\u00e9st.<br \/>\n10<br \/>\n6. Szem\u00e9lyes adatok lehets\u00e9ges c\u00edmzettjei, adatfeldolgoz\u00f3k<br \/>\n6.1. Weboldal m\u0171k\u00f6d\u00e9s\u00e9vel \u00f6sszef\u00fcgg\u00e9sben<br \/>\nA Weboldal haszn\u00e1lata sor\u00e1n megadott szem\u00e9lyes adatokhoz a t\u00e1rhelyszolg\u00e1ltat\u00f3, mint adatfeldolgoz\u00f3<br \/>\njogosult hozz\u00e1f\u00e9rni.<br \/>\nN\u00e9v: Compgate Kft.<br \/>\nEl\u00e9rhet\u0151s\u00e9gek: +36 70 6265382<br \/>\n6.2. H\u00edrlev\u00e9l-k\u00fcld\u00e9ssel \u00f6sszef\u00fcgg\u00e9sben<br \/>\nA Weboldal h\u00edrlev\u00e9l-k\u00fcld\u00e9s\u00e9hez h\u00edrlev\u00e9l-szoftver m\u0171k\u00f6dik, melynek \u00fczemeltet\u0151je az \u00e1ltalunk \u00e1ltal<br \/>\nig\u00e9nybe vett adatfeldolgoz\u00f3. Az adatfeldolgoz\u00f3 adatai az al\u00e1bbiak:<br \/>\nN\u00e9v: Compgate Kft.<br \/>\nEl\u00e9rhet\u0151s\u00e9gek: +36 70 6265382<br \/>\n6.3. Chat-szolg\u00e1ltat\u00e1ssal \u00f6sszef\u00fcgg\u00e9sben<br \/>\nA Weboldal haszn\u00e1lata sor\u00e1n ig\u00e9nybe vehet\u0151 chat szolg\u00e1ltat\u00e1s \u00fczemeltet\u0151je adatfeldolgoz\u00f3k\u00e9nt szint\u00e9n<br \/>\nhozz\u00e1f\u00e9rhet a Felhaszn\u00e1l\u00f3k szem\u00e9lyes adataihoz.<br \/>\nN\u00e9v: Compgate Kft<br \/>\nEl\u00e9rhet\u0151s\u00e9gek: +36 70 6265382<br \/>\n6.4. Megrendelt term\u00e9kek \u00e9rt\u00e9kes\u00edt\u00e9s\u00e9vel \u00f6sszef\u00fcgg\u00e9sben<br \/>\nA megrendelt term\u00e9kek \u00e9rt\u00e9kes\u00edt\u00e9s \u00e9rdek\u00e9ben viszontelad\u00f3kat is megb\u00edzhatunk , mint<br \/>\nadatfeldolgoz\u00f3kat vesz\u00fcnk ig\u00e9nybe. Az adatfeldolgoz\u00f3k adatai az al\u00e1bbiak:<br \/>\n6.4.1.<br \/>\nProbl\u00e9ma eset\u00e9n :<br \/>\nN\u00e9v: Compgate Kft.<br \/>\nEl\u00e9rhet\u0151s\u00e9gek: +36 70 6265382<br \/>\ntov\u00e1bbi r\u00e9szletek a weboldalon .<br \/>\n11<br \/>\n6.5. Megrendel\u00e9s d\u00edj\u00e1nak fizet\u00e9s\u00e9vel \u00f6sszef\u00fcgg\u00e9sben<br \/>\nA megrendel\u00e9s d\u00edj\u00e1t banki szolg\u00e1ltat\u00f3, mint adatfeldolgoz\u00f3 fel\u00fclet\u00e9n kereszt\u00fcl lehet megfizetni. Az<br \/>\nadatfeldolgoz\u00f3 adatai az al\u00e1bbiak:<br \/>\nN\u00e9v: K&amp;H e-bank<br \/>\nEl\u00e9rhet\u0151s\u00e9gek: https:\/\/www.kh.hu\/kapcsolat +36 1\/20\/30\/70 335 3355<br \/>\nTov\u00e1bbiakban:<br \/>\nhttps:\/\/wise.com<br \/>\nhttps:\/\/www.paypal.com\/<br \/>\n6.6. K\u00f6z\u00f6ss\u00e9gi m\u00e9dia fel\u00fcletekkel \u00f6sszef\u00fcgg\u00e9sben<br \/>\nWeboldalunk t\u00f6bb k\u00f6z\u00f6ss\u00e9gi m\u00e9dia fel\u00fclettel is rendelkezik p\u00e9ld\u00e1ul Facebook, Linkedin Twitter,<br \/>\nGoogle+, Instagram, You Tube \u00edgy ha p\u00e9ld\u00e1ul a Felhaszn\u00e1l\u00f3 \u201ekedveli\u201d az oldalunkat Facebookon,<br \/>\nvagy \u201ek\u00f6vet\u201d benn\u00fcnket Twitteren, megismer\u00fcnk minden, profilj\u00e1hoz tartoz\u00f3 \u00e9s nyilv\u00e1noss\u00e1g sz\u00e1m\u00e1ra<br \/>\nel\u00e9rhet\u0151 szem\u00e9lyes adatot. Ezeken az oldalakon felmer\u00fcl\u0151 adatkezel\u00e9sekr\u0151l az adott szolg\u00e1ltat\u00f3 saj\u00e1t<br \/>\nadatkezel\u00e9si szab\u00e1lyzat\u00e1ban tal\u00e1lhat\u00f3ak relev\u00e1ns inform\u00e1ci\u00f3k.<br \/>\n6.7. Sz\u00e1mla-ki\u00e1ll\u00edt\u00e1ssal \u00f6sszef\u00fcgg\u00e9sben<br \/>\nA sz\u00e1ml\u00e1z\u00e1sokkal kapcsolatban az ad\u00f3hat\u00f3s\u00e1g tev\u00e9kenys\u00e9ge sor\u00e1n jogosult megismerni a<br \/>\nFelhaszn\u00e1l\u00f3k \u00e1ltal e c\u00e9lb\u00f3l megadott szem\u00e9lyes adatokat. Az ad\u00f3hat\u00f3s\u00e1g adatai:<br \/>\nN\u00e9v: Nemzeti Ad\u00f3- \u00e9s V\u00e1mhivatal<br \/>\nWeboldal, el\u00e9rhet\u0151s\u00e9gek: https:\/\/www.nav.gov.hu\/nav\/kapcsolat<br \/>\n7. Adatbiztons\u00e1g<br \/>\nA Felhaszn\u00e1l\u00f3 szem\u00e9lyes adatai megismer\u00e9s\u00e9re a mi \u00e9s az adatfeldolgoz\u00f3k alkalmazottai a<br \/>\nmunkak\u00f6r\u00fckbe tartoz\u00f3 feladatok teljes\u00edt\u00e9s\u00e9hez sz\u00fcks\u00e9ges m\u00e9rt\u00e9kben jogosultak. Megtesz\u00fcnk minden<br \/>\nolyan biztons\u00e1gi, technikai \u00e9s szervez\u00e9si int\u00e9zked\u00e9st, mely az adatok biztons\u00e1g\u00e1t garant\u00e1lja.<br \/>\n7.1. Szervez\u00e9si int\u00e9zked\u00e9sek<br \/>\nInformatikai rendszereinkhez a hozz\u00e1f\u00e9r\u00e9st szem\u00e9lyhez k\u00f6thet\u0151 jogosults\u00e1ggal tessz\u00fck lehet\u0151v\u00e9. A<br \/>\nhozz\u00e1f\u00e9r\u00e9sek kioszt\u00e1s\u00e1n\u00e1l \u00e9rv\u00e9nyes\u00fcl a \u201esz\u00fcks\u00e9ges \u00e9s el\u00e9gs\u00e9ges jogok elve\u201d, azaz informatikai<br \/>\nrendszereinket \u00e9s szolg\u00e1ltat\u00e1sainkat minden alkalmazott csak a feladat\u00e1nak ell\u00e1t\u00e1s\u00e1hoz sz\u00fcks\u00e9ges<br \/>\n12<br \/>\nm\u00e9rt\u00e9kben, az ennek megfelel\u0151 jogosults\u00e1gokkal \u00e9s a sz\u00fcks\u00e9ges id\u0151tartamig haszn\u00e1lhatja. Az<br \/>\ninformatikai rendszerekhez \u00e9s szolg\u00e1ltat\u00e1sokhoz hozz\u00e1f\u00e9r\u00e9si jogot csak az a szem\u00e9ly kaphat, aki<br \/>\nbiztons\u00e1gi vagy egy\u00e9b (pl. \u00f6sszef\u00e9rhetetlens\u00e9gi) okokb\u00f3l nem esik korl\u00e1toz\u00e1s al\u00e1, valamint rendelkezik<br \/>\naz annak biztons\u00e1gos haszn\u00e1lat\u00e1hoz sz\u00fcks\u00e9ges szakmai, \u00fczleti \u00e9s inform\u00e1ci\u00f3biztons\u00e1gi ismeretekkel.<br \/>\nMi \u00e9s az adatfeldolgoz\u00f3k \u00edr\u00e1sos nyilatkozatban szigor\u00fa titoktart\u00e1si szab\u00e1lyokat v\u00e1llalunk, \u00e9s a<br \/>\ntev\u00e9kenys\u00e9g\u00fcnk sor\u00e1n ezek szerint a titoktart\u00e1si szab\u00e1lyok szerint k\u00f6telesek vagyunk elj\u00e1rni.<br \/>\n7.2. Technikai int\u00e9zked\u00e9sek<br \/>\nAz adatokat \u2013 az adatfeldolgoz\u00f3ink \u00e1ltal t\u00e1rolt adatok kiv\u00e9tel\u00e9vel \u2013 saj\u00e1t eszk\u00f6zeinken,<br \/>\nadatk\u00f6zpontban t\u00e1roljuk. Az adatokat t\u00e1rol\u00f3 informatikai eszk\u00f6z\u00f6ket elhat\u00e1roltan, k\u00fcl\u00f6n z\u00e1rt<br \/>\nszerverteremben t\u00e1roljuk, t\u00f6bbl\u00e9pcs\u0151s, jogosults\u00e1g ellen\u0151rz\u00e9shez k\u00f6t\u00f6tt bel\u00e9ptet\u0151 rendszerrel v\u00e9detten.<br \/>\nT\u00f6bbszint\u0171, t\u0171zfalas v\u00e9delemmel v\u00e9dj\u00fck a bels\u0151 h\u00e1l\u00f3zatunkat. Az alkalmazott nyilv\u00e1nos h\u00e1l\u00f3zatok<br \/>\nbel\u00e9p\u00e9si pontjain mindenhol minden esetben hardveres t\u0171zfal (hat\u00e1rv\u00e9delmi eszk\u00f6z) helyezkedik el.<br \/>\nAz adatokat redund\u00e1nsan \u2013 azaz t\u00f6bb helyen \u2013 t\u00e1roljuk, hogy v\u00e9dj\u00fck azokat az informatikai eszk\u00f6z<br \/>\nmeghib\u00e1sod\u00e1s\u00e1b\u00f3l fakad\u00f3 megsemmis\u00fcl\u00e9st\u0151l, elveszt\u00e9st\u0151l, s\u00e9r\u00fcl\u00e9st\u0151l, a jogellenes megsemmis\u00edt\u00e9st\u0151l.<br \/>\nT\u00f6bbszint\u0171, akt\u00edv, komplex k\u00e1rt\u00e9kony k\u00f3dok elleni v\u00e9delemmel (pl. v\u00edrusv\u00e9delem) v\u00e9dj\u00fck a bels\u0151<br \/>\nh\u00e1l\u00f3zatainkat a k\u00fcls\u0151 t\u00e1mad\u00e1sokt\u00f3l. Az \u00e1ltalunk m\u0171k\u00f6dtetett informatikai rendszerekhez,<br \/>\nadatb\u00e1zisokhoz az elengedhetetlen k\u00fcls\u0151 el\u00e9r\u00e9st titkos\u00edtott adatkapcsolaton kereszt\u00fcl val\u00f3s\u00edtjuk meg<br \/>\n(VPN).<br \/>\nMindent megtesz\u00fcnk az\u00e9rt, hogy informatikai eszk\u00f6zeink, szoftvereink folyamatosan megfeleljenek a<br \/>\npiaci m\u0171k\u00f6d\u00e9sben \u00e1ltal\u00e1nosan elfogadott technol\u00f3giai megold\u00e1soknak.<br \/>\nA fejleszt\u00e9seink sor\u00e1n olyan rendszereket alak\u00edtunk ki, amelyekben a napl\u00f3z\u00e1s r\u00e9v\u00e9n kontroll\u00e1lhat\u00f3k<br \/>\n\u00e9s nyomon k\u00f6vethet\u0151k a v\u00e9gzett m\u0171veletek, \u00e9szlelhet\u0151k a bek\u00f6vetkezett incidensek, p\u00e9ld\u00e1ul a<br \/>\njogosulatlan hozz\u00e1f\u00e9r\u00e9s.<br \/>\nSzerver\u00fcnk a t\u00e1rhelyszolg\u00e1ltat\u00f3 elk\u00fcl\u00f6n\u00edtett dedik\u00e1lt szerver\u00e9n, v\u00e9detten \u00e9s z\u00e1rtan tal\u00e1lhat\u00f3.<br \/>\nA NAIH p\u00e1rtok honlapjain v\u00e9gzett adatkezel\u00e9sek adatv\u00e9delmi k\u00f6vetelm\u00e9nyeir\u0151l sz\u00f3l\u00f3 aj\u00e1nl\u00e1s<br \/>\nfigyelembev\u00e9tel\u00e9vel a weboldalon https protokollt haszn\u00e1lunk, amely magasabb adatbiztons\u00e1gi szintet<br \/>\njelent a http protokolhoz k\u00e9pest.<br \/>\n8. S\u00fctik (cookies)<br \/>\nWeboldalunk megfelel\u0151 m\u0171k\u00f6d\u00e9se \u00e9rdek\u00e9ben bizonyos esetekben apr\u00f3 adat file-okat helyez\u00fcnk el a<br \/>\nFelhaszn\u00e1l\u00f3 sz\u00e1m\u00edt\u00f3g\u00e9pes eszk\u00f6z\u00e9n, a legt\u00f6bb modern honlaphoz hasonl\u00f3an.<br \/>\n8.1. Mi az a s\u00fcti?<br \/>\nA s\u00fcti egy olyan, kism\u00e9ret\u0171 sz\u00f6veges file, amit a honlap a Felhaszn\u00e1l\u00f3 sz\u00e1m\u00edt\u00f3g\u00e9pes eszk\u00f6z\u00e9re<br \/>\n(bele\u00e9rtve a mobil telefonokat is) helyez el. Ennek k\u00f6sz\u00f6nhet\u0151en a honlap \u201eeml\u00e9kezni\u201d tud a<br \/>\n13<br \/>\nFelhaszn\u00e1l\u00f3 be\u00e1ll\u00edt\u00e1saira (pl.: haszn\u00e1lt nyelv, bet\u0171m\u00e9ret, megjelen\u00edt\u00e9s, stb.), \u00edgy nem kell azt minden<br \/>\nalkalommal \u00fajra be\u00e1ll\u00edtani, amikor felkeresi weboldalunkat.<br \/>\nA Weboldalon haszn\u00e1lt s\u00fctik list\u00e1ja:<br \/>\nCookie forr\u00e1sa Cookie neve Cookie funkci\u00f3ja Cookie lej\u00e1rata<br \/>\nwww.compgate.hu Compgate.hu Logon t\u00e1rol\u00e1sa 24 h\u00f3nap<br \/>\nwww.helpfordesk.com Helpfordesk.com Email c\u00edm 24 h\u00f3nap<br \/>\nSubdomain.helpfordesk.<br \/>\ncom \/ami free illetve<br \/>\naz el\u0151fizet\u00e9shez tart\u00f3zik<br \/>\nHelpfordesk.com<br \/>\nLogin n\u00e9v t\u00e1rol\u00e1sa<br \/>\njelsz\u00f3 t\u00e1rol\u00e1sa<br \/>\nutols\u00f3 bel\u00e9p\u00e9si<br \/>\nst\u00edlus t\u00e1rol\u00e1s<br \/>\naut\u00f3 login<br \/>\n24 h\u00f3nap<br \/>\nEzek a s\u00fctik let\u00f6r\u00f6lhet\u0151ek, vagy blokkolhat\u00f3ak, de ebben az esetben a Weboldal nem biztos, hogy<br \/>\nmegfelel\u0151en fognak m\u0171k\u00f6dni.<br \/>\nA s\u00fctiket nem haszn\u00e1ljuk arra, hogy a Felhaszn\u00e1l\u00f3 szem\u00e9lyi adatit m\u00e1s rendszer beazonos\u00edt\u00e1sra<br \/>\nhaszn\u00e1lja . Ezek a s\u00fctik csak a fent le\u00edrt c\u00e9lokat szolg\u00e1lj\u00e1k csak is kiz\u00e1r\u00f3lag a rendszereinkben .<br \/>\n8.2. Google Analytics<br \/>\n1. A Weboldal a Google Analytics alkalmaz\u00e1st haszn\u00e1lja, amely a Google Inc. (\u201eGoogle\u201d) webelemz\u0151<br \/>\nszolg\u00e1ltat\u00e1sa. A Google Analytics \u00fagynevezett \u201ecookie-kat\u201d, sz\u00f6vegf\u00e1jlokat haszn\u00e1l, amelyeket a<br \/>\nsz\u00e1m\u00edt\u00f3g\u00e9p\u00e9re mentenek, \u00edgy el\u0151seg\u00edtik Felhaszn\u00e1l\u00f3 \u00e1ltal l\u00e1togatott weblap haszn\u00e1lat\u00e1nak elemz\u00e9s\u00e9t.<br \/>\n2. A Felhaszn\u00e1l\u00f3 \u00e1ltal haszn\u00e1lt weboldallal kapcsolatos cookie-kkal l\u00e9trehozott inform\u00e1ci\u00f3k<br \/>\nrendszerint a Google egyik USA-beli szerver\u00e9re ker\u00fclnek \u00e9s t\u00e1rol\u00f3dnak. Az IP-anonimiz\u00e1l\u00e1s weboldali<br \/>\naktiv\u00e1l\u00e1s\u00e1val a Google a Felhaszn\u00e1l\u00f3 IP-c\u00edm\u00e9t az Eur\u00f3pai Uni\u00f3 tag\u00e1llamain bel\u00fcl vagy az Eur\u00f3pai<br \/>\nGazdas\u00e1gi T\u00e9rs\u00e9gr\u0151l sz\u00f3l\u00f3 meg\u00e1llapod\u00e1sban r\u00e9szes m\u00e1s \u00e1llamokban el\u0151z\u0151leg megr\u00f6vid\u00edti.<br \/>\n3. A teljes IP-c\u00edmnek a Google USA-ban l\u00e9v\u0151 szerver\u00e9re t\u00f6rt\u00e9n\u0151 tov\u00e1bb\u00edt\u00e1s\u00e1ra \u00e9s ottani ler\u00f6vid\u00edt\u00e9s\u00e9re<br \/>\ncsak kiv\u00e9teles esetekben ker\u00fcl sor. Megb\u00edz\u00e1sunkb\u00f3l a Google ezeket az inform\u00e1ci\u00f3kat arra fogja<br \/>\nhaszn\u00e1lni, hogy ki\u00e9rt\u00e9kelje, hogyan haszn\u00e1lta a Felhaszn\u00e1l\u00f3 a honlapot, tov\u00e1bb\u00e1, hogy r\u00e9sz\u00fcnkre a<br \/>\nhonlap aktivit\u00e1s\u00e1val \u00f6sszef\u00fcgg\u0151 jelent\u00e9seket k\u00e9sz\u00edtsen, valamint, hogy a weboldal- \u00e9s az<br \/>\ninternethaszn\u00e1lattal kapcsolatos tov\u00e1bbi szolg\u00e1ltat\u00e1sokat teljes\u00edtsen.<br \/>\n4. A Google Analytics keretein bel\u00fcl a Felhaszn\u00e1l\u00f3 b\u00f6ng\u00e9sz\u0151je \u00e1ltal tov\u00e1bb\u00edtott IP-c\u00edmet nem vezeti<br \/>\n\u00f6ssze a Google m\u00e1s adataival. A cookie-k t\u00e1rol\u00e1s\u00e1t a Felhaszn\u00e1l\u00f3 a b\u00f6ng\u00e9sz\u0151j\u00e9nek megfelel\u0151<br \/>\nbe\u00e1ll\u00edt\u00e1s\u00e1val megakad\u00e1lyozhatja, azonban felh\u00edvjuk figyelm\u00e9t, hogy ebben az esetben el\u0151fordulhat,<br \/>\nhogy ennek a honlapnak nem minden funkci\u00f3ja lesz teljes k\u00f6r\u0171en haszn\u00e1lhat\u00f3. Megakad\u00e1lyozhatja<br \/>\ntov\u00e1bb\u00e1, hogy a Google gy\u0171jtse \u00e9s feldolgozza a cookie-k \u00e1ltali, a Felhaszn\u00e1l\u00f3 weboldalhaszn\u00e1lattal<br \/>\n14<br \/>\nkapcsolatos adatait (bele\u00e9rtve az IP-c\u00edmet is), ha let\u00f6lti \u00e9s telep\u00edti a k\u00f6vetkez\u0151 linken el\u00e9rhet\u0151<br \/>\nb\u00f6ng\u00e9sz\u0151 plugint. https:\/\/tools.google.com\/dlpage\/gaoptout?hl=h<br \/>\n8.3. Hogyan kezelhet\u0151ek a s\u00fctik?<br \/>\nA s\u00fcti file-ok t\u00f6r\u00f6lhet\u0151ek (r\u00e9szletes inform\u00e1ci\u00f3k: www.AllAboutCookies.org), vagy a legt\u00f6bb mai<br \/>\nb\u00f6ng\u00e9sz\u0151vel elhelyez\u00e9s\u00fck blokkolhat\u00f3 is. Ebben az esetben azonban a weboldalunk haszn\u00e1latakor<br \/>\nbizonyos be\u00e1ll\u00edt\u00e1sokat minden alkalommal \u00fajra el kell v\u00e9gezni, \u00e9s bizonyos szolg\u00e1ltat\u00e1sok nem<br \/>\nfelt\u00e9tlen\u00fcl fognak m\u0171k\u00f6dni.<br \/>\nA s\u00fctik t\u00f6rl\u00e9s\u00e9r\u0151l, blokkol\u00e1s\u00e1r\u00f3l r\u00e9szletes inform\u00e1ci\u00f3k tal\u00e1lhat\u00f3ak a www.AllAboutCookies.org<br \/>\n(angol) oldalon \u00e9s a Felhaszn\u00e1l\u00f3 \u00e1ltal haszn\u00e1lt b\u00f6ng\u00e9sz\u0151re vonatkoz\u00f3an az al\u00e1bbi linkeken:<br \/>\nFirefox<br \/>\nGoogle Chrome<br \/>\nMicrosoft Internet Explorer 11<br \/>\nMicrosoft Internet Explorer 10<br \/>\nMicrosoft Internet Explorer 9<br \/>\nMicrosoft Internet Explorer 8<br \/>\nSafari 9<br \/>\nSafari 8<br \/>\nSafari 6\/7<br \/>\nOpera<\/p>\n<p data-path-to-node=\"4,0\"><b data-path-to-node=\"4,0\" data-index-in-node=\"0\">8.4. Google AdSense \u00e9s szem\u00e9lyre szabott hirdet\u00e9sek<\/b><\/p>\n<p data-path-to-node=\"4,1\">Weboldalunkon a Google AdSense szolg\u00e1ltat\u00e1st haszn\u00e1lhatjuk hirdet\u00e9sek megjelen\u00edt\u00e9s\u00e9re.<\/p>\n<ul data-path-to-node=\"4,2\">\n<li>\n<p data-path-to-node=\"4,2,0,0\">A Google mint harmadik f\u00e9l cookie-kat haszn\u00e1l hirdet\u00e9sek megjelen\u00edt\u00e9s\u00e9re ezen az oldalon.<\/p>\n<\/li>\n<li>\n<p data-path-to-node=\"4,2,1,0\">A Google \u00e1ltal haszn\u00e1lt hirdet\u00e9si cookie-k lehet\u0151v\u00e9 teszik, hogy a Google \u00e9s partnerei a hirdet\u00e9seket a felhaszn\u00e1l\u00f3k ezen \u00e9s m\u00e1s webhelyeken v\u00e9gzett l\u00e1togat\u00e1sai alapj\u00e1n jelen\u00edts\u00e9k meg.<\/p>\n<\/li>\n<li>\n<p data-path-to-node=\"4,2,2,0\">A felhaszn\u00e1l\u00f3k kikapcsolhatj\u00e1k a szem\u00e9lyre szabott hirdet\u00e9seket a Google <b data-path-to-node=\"4,2,2,0\" data-index-in-node=\"73\"><a class=\"ng-star-inserted\" href=\"https:\/\/www.google.com\/search?q=https:\/\/adssettings.google.com\" target=\"_blank\" rel=\"noopener\">Hirdet\u00e9sbe\u00e1ll\u00edt\u00e1sok<\/a><\/b> oldal\u00e1nak felkeres\u00e9s\u00e9vel, vagy a <a class=\"ng-star-inserted\" href=\"https:\/\/www.aboutads.info\" target=\"_blank\" rel=\"noopener\">www.aboutads.info<\/a> webhelyen.<\/p>\n<\/li>\n<\/ul>\n<p>9. Egy\u00e9b rendelkez\u00e9sek<br \/>\n9.1. Adatgy\u0171jt\u00e9s aktivit\u00e1sr\u00f3l<br \/>\nA Felhaszn\u00e1l\u00f3k aktivit\u00e1s\u00e1r\u00f3l adatokat gy\u0171jthet\u00fcnk, melyek nem kapcsolhat\u00f3k \u00f6ssze a Felhaszn\u00e1l\u00f3 \u00e1ltal<br \/>\na regisztr\u00e1ci\u00f3kor megadott egy\u00e9b adatokkal, sem m\u00e1s honlapok vagy szolg\u00e1ltat\u00e1sok ig\u00e9nybev\u00e9telekor<br \/>\nkeletkez\u0151 adatokkal.<br \/>\n9.2. Adatkezel\u00e9s elt\u00e9r\u0151 c\u00e9lra<br \/>\n15<br \/>\nHa a szolg\u00e1ltatott adatokat az eredeti adatfelv\u00e9tel c\u00e9lj\u00e1t\u00f3l elt\u00e9r\u0151 c\u00e9lra k\u00edv\u00e1njuk felhaszn\u00e1lni, akkor<br \/>\nerr\u0151l a Felhaszn\u00e1l\u00f3kat t\u00e1j\u00e9koztatjuk, \u00e9s ehhez el\u0151zetes, kifejezett hozz\u00e1j\u00e1rul\u00e1sukat megszerezz\u00fck,<br \/>\nillet\u0151leg lehet\u0151s\u00e9get biztos\u00edtunk sz\u00e1mukra, hogy a felhaszn\u00e1l\u00e1st megtilts\u00e1k.<br \/>\n9.3. Nyilv\u00e1ntart\u00e1si k\u00f6telezetts\u00e9g<br \/>\nA felel\u0151ss\u00e9g\u00fcnkbe tartoz\u00f3an v\u00e9gzett adatkezel\u00e9si tev\u00e9kenys\u00e9gekr\u0151l nyilv\u00e1ntart\u00e1st vezet\u00fcnk<br \/>\n(adatkezel\u00e9si tev\u00e9kenys\u00e9g nyilv\u00e1ntart\u00e1sa) a GDPR 30. cikk\u00e9nek megfelel\u0151en.<br \/>\nhttps:\/\/www.helpfordesk.com\/hu\/helpfordesk-the-gdpr\/<br \/>\n9.4. Adatv\u00e9delmi incidens<br \/>\nAdatv\u00e9delmi incidens a biztons\u00e1g olyan s\u00e9r\u00fcl\u00e9se, amely a kezelt szem\u00e9lyes adatok v\u00e9letlen vagy<br \/>\njogellenes megsemmis\u00edt\u00e9s\u00e9t, elveszt\u00e9s\u00e9t, megv\u00e1ltoztat\u00e1s\u00e1t, jogosulatlan k\u00f6zl\u00e9s\u00e9t vagy az azokhoz val\u00f3<br \/>\njogosulatlan hozz\u00e1f\u00e9r\u00e9st eredm\u00e9nyezi. Adatv\u00e9delmi incidens eset\u00e9n a GDPR 33. \u00e9s 34. cikkei szerint<br \/>\nvagyunk k\u00f6teles elj\u00e1rni. Nyilv\u00e1ntartjuk az adatv\u00e9delmi incidenseket, felt\u00fcntetve az adatv\u00e9delmi<br \/>\nincidenshez kapcsol\u00f3d\u00f3 t\u00e9nyeket, annak hat\u00e1sait \u00e9s az orvosl\u00e1s\u00e1ra tett int\u00e9zked\u00e9seket.<br \/>\n9.5. M\u00f3dos\u00edt\u00e1s<br \/>\nB\u00e1rmikor jogosultak vagyunk jelen T\u00e1j\u00e9koztat\u00f3t egyoldal\u00faan m\u00f3dos\u00edtani.<br \/>\nHat\u00e1lyos: Budapest 2026-03-26<br \/>\nCompgate Kft.<br \/>\ninfo@compgate.hu<br \/>\ninfo@helpfordesk.com<br \/>\nAdatkezel\u0151<br \/>\n16<br \/>\n1. sz\u00e1m\u00fa mell\u00e9klet<br \/>\nA vonatkoz\u00f3 jogszab\u00e1lyok<br \/>\nA T\u00e1j\u00e9koztat\u00f3 kialak\u00edt\u00e1sa sor\u00e1n az Adatkezel\u0151 figyelembe vette a vonatkoz\u00f3 hat\u00e1lyos jogszab\u00e1lyokat,<br \/>\nilletve a fontosabb nemzetk\u00f6zi aj\u00e1nl\u00e1sokat, k\u00fcl\u00f6n\u00f6s tekintettel az al\u00e1bbiakra:<br \/>\n&#8211; a term\u00e9szetes szem\u00e9lyeknek a szem\u00e9lyes adatok kezel\u00e9se tekintet\u00e9ben t\u00f6rt\u00e9n\u0151 v\u00e9delm\u00e9r\u0151l \u00e9s<br \/>\naz ilyen adatok szabad \u00e1raml\u00e1s\u00e1r\u00f3l, valamint a 95\/46\/EK ir\u00e1nyelv hat\u00e1lyon k\u00edv\u00fcl helyez\u00e9s\u00e9r\u0151l<br \/>\nsz\u00f3l\u00f3, 2016. \u00e1prilis 27-i 2016\/679\/EU eur\u00f3pai parlamenti \u00e9s tan\u00e1csi rendelet (GDPR);<br \/>\n&#8211; az inform\u00e1ci\u00f3s \u00f6nrendelkez\u00e9si jogr\u00f3l \u00e9s az inform\u00e1ci\u00f3szabads\u00e1gr\u00f3l sz\u00f3l\u00f3 2011. \u00e9vi CXII.<br \/>\nt\u00f6rv\u00e9ny 2011. \u00e9vi CXII. t\u00f6rv\u00e9ny (Infotv.);<br \/>\n&#8211; a Polg\u00e1ri T\u00f6rv\u00e9nyk\u00f6nyvr\u0151l sz\u00f3l\u00f3 2013. \u00e9vi V. t\u00f6rv\u00e9ny (Ptk.);<br \/>\n&#8211; a polg\u00e1ri perrendtart\u00e1sr\u00f3l sz\u00f3l\u00f3 2016. \u00e9vi CXXX. t\u00f6rv\u00e9ny (Pp);<br \/>\n&#8211; a sz\u00e1mvitelr\u0151l sz\u00f3l\u00f3 2000. \u00e9vi C. t\u00f6rv\u00e9ny (Sz\u00e1mv. tv.);<br \/>\n&#8211; a fogyaszt\u00f3v\u00e9delemr\u0151l sz\u00f3l\u00f3 1997. \u00e9vi CLV. t\u00f6rv\u00e9ny (Fgytv.);<br \/>\n&#8211; az elektronikus kereskedelmi szolg\u00e1ltat\u00e1sok, valamint az inform\u00e1ci\u00f3s t\u00e1rsadalommal<br \/>\n\u00f6sszef\u00fcgg\u0151 szolg\u00e1ltat\u00e1sok egyes k\u00e9rd\u00e9seir\u0151l sz\u00f3l\u00f3 2001. \u00e9vi CVIII. t\u00f6rv\u00e9ny (Elkertv.)<br \/>\n17<br \/>\n2. sz\u00e1m\u00fa mell\u00e9klet<br \/>\nA szem\u00e9lyes adatok kezel\u00e9s\u00e9vel kapcsolatos fogalmak<br \/>\n&#8211; adatkezel\u0151: az a jogi szem\u00e9ly, amely a szem\u00e9lyes adatok kezel\u00e9s\u00e9nek c\u00e9ljait \u00e9s eszk\u00f6zeit<br \/>\nmeghat\u00e1rozza;<br \/>\n&#8211; adatkezel\u00e9s: a szem\u00e9lyes adatokon vagy adat\u00e1llom\u00e1nyokon automatiz\u00e1lt vagy nem<br \/>\nautomatiz\u00e1lt m\u00f3don v\u00e9gzett b\u00e1rmely m\u0171velet vagy m\u0171veletek \u00f6sszess\u00e9ge, \u00edgy a gy\u0171jt\u00e9s,<br \/>\nr\u00f6gz\u00edt\u00e9s, rendszerez\u00e9s, tagol\u00e1s, t\u00e1rol\u00e1s, \u00e1talak\u00edt\u00e1s vagy megv\u00e1ltoztat\u00e1s, lek\u00e9rdez\u00e9s, betekint\u00e9s,<br \/>\nfelhaszn\u00e1l\u00e1s, k\u00f6zl\u00e9s, tov\u00e1bb\u00edt\u00e1s, terjeszt\u00e9s vagy egy\u00e9b m\u00f3don t\u00f6rt\u00e9n\u0151 hozz\u00e1f\u00e9rhet\u0151v\u00e9 t\u00e9tel<br \/>\n\u00fatj\u00e1n, \u00f6sszehangol\u00e1s vagy \u00f6sszekapcsol\u00e1s, korl\u00e1toz\u00e1s, t\u00f6rl\u00e9s, illetve megsemmis\u00edt\u00e9s;<br \/>\n&#8211; adattov\u00e1bb\u00edt\u00e1s: az adat meghat\u00e1rozott harmadik szem\u00e9ly sz\u00e1m\u00e1ra t\u00f6rt\u00e9n\u0151 hozz\u00e1f\u00e9rhet\u0151v\u00e9<br \/>\nt\u00e9tele;<br \/>\n&#8211; adatt\u00f6rl\u00e9s: az adatok felismerhetetlenn\u00e9 t\u00e9tele oly m\u00f3don, hogy a helyre\u00e1ll\u00edt\u00e1suk t\u00f6bb\u00e9 nem<br \/>\nlehets\u00e9ges;<br \/>\n&#8211; adatmegjel\u00f6l\u00e9s: az adat azonos\u00edt\u00f3 jelz\u00e9ssel ell\u00e1t\u00e1sa annak megk\u00fcl\u00f6nb\u00f6ztet\u00e9se c\u00e9lj\u00e1b\u00f3l;<br \/>\n&#8211; adatkezel\u00e9s korl\u00e1toz\u00e1sa: a t\u00e1rolt szem\u00e9lyes adatok megjel\u00f6l\u00e9se j\u00f6v\u0151beli kezel\u00e9s\u00fck korl\u00e1toz\u00e1sa<br \/>\nc\u00e9lj\u00e1b\u00f3l;<br \/>\n&#8211; adatmegsemmis\u00edt\u00e9s: az adatokat tartalmaz\u00f3 adathordoz\u00f3 teljes fizikai megsemmis\u00edt\u00e9se;<br \/>\n&#8211; adatfeldolgoz\u00f3: az a jogi szem\u00e9ly, amely az adatkezel\u0151 nev\u00e9ben szem\u00e9lyes adatokat kezel;<br \/>\n&#8211; c\u00edmzett: az a term\u00e9szetes vagy jogi szem\u00e9ly, k\u00f6zhatalmi szerv, \u00fcgyn\u00f6ks\u00e9g vagy b\u00e1rmely egy\u00e9b<br \/>\nszerv, akivel vagy amellyel a szem\u00e9lyes adatot k\u00f6zlik, f\u00fcggetlen\u00fcl att\u00f3l, hogy harmadik f\u00e9l-e;<br \/>\n&#8211; cookie: a webszerver \u00e1ltal k\u00fcld\u00f6tt \u00e9s a felhaszn\u00e1l\u00f3 sz\u00e1m\u00edt\u00f3g\u00e9p\u00e9n meghat\u00e1rozott id\u0151re<br \/>\nelhelyezett kis adatcsomag (sz\u00f6veges f\u00e1jl), amit annak jell\u00e9g\u00e9t\u0151l f\u00fcgg\u0151en a szerver az \u00fajabb<br \/>\nl\u00e1togat\u00e1sok alkalm\u00e1val ki is eg\u00e9sz\u00edthet, azaz, ha a b\u00f6ng\u00e9sz\u0151 visszak\u00fcld egy kor\u00e1bban elmentett<br \/>\ns\u00fctit, a s\u00fctit kezel\u0151 szolg\u00e1ltat\u00f3nak lehet\u0151s\u00e9ge van \u00f6sszekapcsolni a felhaszn\u00e1l\u00f3 aktu\u00e1lis<br \/>\nl\u00e1togat\u00e1s\u00e1t a kor\u00e1bbiakkal, de kiz\u00e1r\u00f3lag a saj\u00e1t tartalma tekintet\u00e9ben;<br \/>\n&#8211; \u00e9rintett\/felhaszn\u00e1l\u00f3: azonos\u00edtott vagy azonos\u00edthat\u00f3 term\u00e9szetes szem\u00e9ly; azonos\u00edthat\u00f3 az a<br \/>\nterm\u00e9szetes szem\u00e9ly, aki k\u00f6zvetlen vagy k\u00f6zvetett m\u00f3don, k\u00fcl\u00f6n\u00f6sen valamely azonos\u00edt\u00f3,<br \/>\np\u00e9ld\u00e1ul n\u00e9v, sz\u00e1m, helymeghat\u00e1roz\u00f3 adat, online azonos\u00edt\u00f3 vagy a term\u00e9szetes szem\u00e9ly testi,<br \/>\nfiziol\u00f3giai, genetikai, szellemi, gazdas\u00e1gi, kultur\u00e1lis vagy szoci\u00e1lis azonoss\u00e1g\u00e1ra vonatkoz\u00f3<br \/>\negy vagy t\u00f6bb t\u00e9nyez\u0151 alapj\u00e1n azonos\u00edthat\u00f3;<br \/>\n18<br \/>\n&#8211; harmadik szem\u00e9ly: az a term\u00e9szetes vagy jogi szem\u00e9ly, k\u00f6zhatalmi szerv, \u00fcgyn\u00f6ks\u00e9g vagy<br \/>\nb\u00e1rmely egy\u00e9b szerv, amely nem azonos az \u00e9rintettel, az adatkezel\u0151vel, az adatfeldolgoz\u00f3val<br \/>\nvagy azokkal a szem\u00e9lyekkel, akik az adatkezel\u0151 vagy adatfeldolgoz\u00f3 k\u00f6zvetlen ir\u00e1ny\u00edt\u00e1sa<br \/>\nalatt a szem\u00e9lyes adatok kezel\u00e9s\u00e9re felhatalmaz\u00e1st kaptak;<br \/>\n&#8211; az \u00e9rintett hozz\u00e1j\u00e1rul\u00e1sa: az \u00e9rintett akarat\u00e1nak \u00f6nk\u00e9ntes, konkr\u00e9t \u00e9s megfelel\u0151 t\u00e1j\u00e9koztat\u00e1son<br \/>\nalapul\u00f3 \u00e9s egy\u00e9rtelm\u0171 kinyilv\u00e1n\u00edt\u00e1sa, amellyel az \u00e9rintett nyilatkozat vagy a meger\u0151s\u00edt\u00e9st<br \/>\nf\u00e9lre\u00e9rthetetlen\u00fcl kifejez\u0151 cselekedet \u00fatj\u00e1n jelzi, hogy beleegyez\u00e9s\u00e9t adja az \u0151t \u00e9rint\u0151<br \/>\nszem\u00e9lyes adatok kezel\u00e9s\u00e9hez;<br \/>\n&#8211; IP c\u00edm: valamennyi h\u00e1l\u00f3zatban, amelyben a kommunik\u00e1ci\u00f3 a TCP\/IP-protokoll szerint folyik,<br \/>\na szerverg\u00e9pek IP-c\u00edmmel, azaz azonos\u00edt\u00f3sz\u00e1mmal rendelkeznek, amelyek az adott g\u00e9pek<br \/>\nh\u00e1l\u00f3zaton kereszt\u00fcli azonos\u00edt\u00e1s\u00e1t teszik lehet\u0151v\u00e9. Tudval\u00e9v\u0151, hogy minden h\u00e1l\u00f3zatra kapcsolt<br \/>\nsz\u00e1m\u00edt\u00f3g\u00e9p rendelkezik IP c\u00edmmel, amelyen kereszt\u00fcl beazonos\u00edthat\u00f3.<br \/>\n&#8211; szem\u00e9lyes adat: az \u00e9rintettre vonatkoz\u00f3 b\u00e1rmely inform\u00e1ci\u00f3.;<br \/>\n&#8211; tiltakoz\u00e1s: az \u00e9rintett nyilatkozata, amellyel szem\u00e9lyes adatainak kezel\u00e9s\u00e9t kifog\u00e1solja, \u00e9s az<br \/>\nadatkezel\u00e9s megsz\u00fcntet\u00e9s\u00e9t, illetve a kezelt adatok t\u00f6rl\u00e9s\u00e9t k\u00e9ri.<br \/>\n19<br \/>\n3. sz\u00e1m\u00fa mell\u00e9klet<br \/>\n\u00c9rintetti jogok<br \/>\nHozz\u00e1f\u00e9r\u00e9s<br \/>\nA Felhaszn\u00e1l\u00f3 jogosult arra, hogy \u2013 el\u00e9rhet\u0151s\u00e9geink valamelyik\u00e9n beny\u00fajtott \u2013 k\u00e9relm\u00e9re hozz\u00e1f\u00e9r\u00e9st<br \/>\nkapjon az \u00e1ltalunk \u00e1ltal kezelt szem\u00e9lyes adataihoz. Ennek keret\u00e9ben a Felhaszn\u00e1l\u00f3 az al\u00e1bbiakr\u00f3l kap<br \/>\nt\u00e1j\u00e9koztat\u00e1st:<br \/>\n&#8211; szem\u00e9lyes adatainak kezel\u00e9se folyamatban van-e;<br \/>\n&#8211; az adatkezel\u00e9s c\u00e9ljai;<br \/>\n&#8211; az \u00e9rintett szem\u00e9lyes adatok kateg\u00f3ri\u00e1i;<br \/>\n&#8211; azon c\u00edmzettek vagy c\u00edmzettek kateg\u00f3ri\u00e1i, akikkel, illetve amelyekkel a szem\u00e9lyes adatokat<br \/>\nk\u00f6z\u00f6lt\u00e9k vagy k\u00f6z\u00f6lni fogj\u00e1k;<br \/>\n&#8211; a szem\u00e9lyes adatok t\u00e1rol\u00e1s\u00e1nak tervezett id\u0151tartama;<br \/>\n&#8211; jogai;<br \/>\n&#8211; jogorvoslati lehet\u0151s\u00e9gei;<br \/>\n&#8211; az adatforr\u00e1sokra vonatkoz\u00f3 inform\u00e1ci\u00f3.<br \/>\nA Felhaszn\u00e1l\u00f3 k\u00e9rheti tov\u00e1bb\u00e1 az adatkezel\u00e9s t\u00e1rgy\u00e1t k\u00e9pez\u0151 szem\u00e9lyes adatai m\u00e1solat\u00e1nak<br \/>\nrendelkez\u00e9s\u00e9re bocs\u00e1t\u00e1s\u00e1t is. Ebben az esetben a szem\u00e9lyes adatokat tagolt, sz\u00e9les k\u00f6rben haszn\u00e1lt,<br \/>\nsz\u00e1m\u00edt\u00f3g\u00e9ppel olvashat\u00f3 form\u00e1tumban (PDF\/XML), illetve annak kinyomtatott v\u00e1ltozat\u00e1ban, pap\u00edr<br \/>\nalapon bocs\u00e1tjuk rendelkez\u00e9sre. A m\u00e1solat ig\u00e9nyl\u00e9se ingyenes.<br \/>\nHelyesb\u00edt\u00e9s<br \/>\nA Felhaszn\u00e1l\u00f3 \u2013 el\u00e9rhet\u0151s\u00e9geinken kereszt\u00fcl beny\u00fajtott k\u00e9relem alapj\u00e1n \u2013 jogosult k\u00e9rni az \u00e1ltalunk<br \/>\nkezelt, r\u00e1 vonatkoz\u00f3 pontatlan szem\u00e9lyes adatok helyesb\u00edt\u00e9s\u00e9t \u00e9s a hi\u00e1nyos adatok kieg\u00e9sz\u00edt\u00e9s\u00e9t.<br \/>\nAmennyiben a val\u00f3s\u00e1gnak nem megfelel\u0151 inform\u00e1ci\u00f3k pontos\u00edt\u00e1s\u00e1hoz, kieg\u00e9sz\u00edt\u00e9s\u00e9hez sz\u00fcks\u00e9ges<br \/>\ninform\u00e1ci\u00f3k nem \u00e1llnak rendelkez\u00e9s\u00fcnkre, k\u00e9rhetj\u00fck ezen kieg\u00e9sz\u00edt\u0151 adatok beny\u00fajt\u00e1s\u00e1t, az adatok<br \/>\npontoss\u00e1g\u00e1nak igazol\u00e1s\u00e1t. Ameddig az adatok pontos\u00edt\u00e1sa, kieg\u00e9sz\u00edt\u00e9se \u2013 a kieg\u00e9sz\u00edt\u0151 inform\u00e1ci\u00f3k<br \/>\nhi\u00e1ny\u00e1ban \u2013 nem v\u00e9gezhet\u0151 el, korl\u00e1tozzuk az \u00e9rintett szem\u00e9lyes adatok kezel\u00e9s\u00e9t, az azokon v\u00e9gzett<br \/>\nm\u0171veleteket \u2013 a t\u00e1rol\u00e1s kiv\u00e9tel\u00e9vel \u2013 ideiglenesen felf\u00fcggesztj\u00fck.<br \/>\nT\u00f6rl\u00e9s<br \/>\n20<br \/>\nA Felhaszn\u00e1l\u00f3 \u2013 el\u00e9rhet\u0151s\u00e9geinken kereszt\u00fcl beny\u00fajtott k\u00e9relem alapj\u00e1n \u2013 jogosult k\u00e9rni az \u00e1ltalunk<br \/>\nkezelt, r\u00e1 vonatkoz\u00f3 szem\u00e9lyes adatok t\u00f6rl\u00e9s\u00e9t, amennyiben a k\u00f6vetkez\u0151 felt\u00e9telek valamelyike<br \/>\nfenn\u00e1ll:<br \/>\n&#8211; a tov\u00e1bbiakban m\u00e1r nincs sz\u00fcks\u00e9g\u00fcnk az adott adatokra;<br \/>\n&#8211; aggodalma mer\u00fcl fel az adatai \u00e1ltalunk t\u00f6rt\u00e9n\u0151 adatkezel\u00e9s\u00e9nek jogszer\u0171s\u00e9ge tekintet\u00e9ben.<br \/>\nAmennyiben a Felhaszn\u00e1l\u00f3 k\u00e9relme nyom\u00e1n meg\u00e1llap\u00edtjuk, hogy az \u00e1ltalunk kezelt szem\u00e9lyes adatok<br \/>\nt\u00f6rl\u00e9s\u00e9nek k\u00f6telezetts\u00e9ge fenn\u00e1ll, az adatok kezel\u00e9s\u00e9t megsz\u00fcntetj\u00fck, a kor\u00e1bban kezelt szem\u00e9lyes<br \/>\nadatokat pedig megsemmis\u00edtj\u00fck. Emellett a szem\u00e9lyes adatok t\u00f6rl\u00e9s\u00e9nek k\u00f6telezetts\u00e9ge a hozz\u00e1j\u00e1rul\u00e1s<br \/>\nvisszavon\u00e1sa, a tiltakoz\u00e1si jog gyakorl\u00e1sa, valamint jogszab\u00e1lyi k\u00f6telezetts\u00e9gek alapj\u00e1n is fenn\u00e1llhat.<br \/>\nAz adatkezel\u00e9s korl\u00e1toz\u00e1sa<br \/>\nA Felhaszn\u00e1l\u00f3 \u2013 el\u00e9rhet\u0151s\u00e9geinken kereszt\u00fcl beny\u00fajtott k\u00e9relem alapj\u00e1n \u2013 jogosult k\u00e9rni az \u00e1ltalunk<br \/>\nkezelt, r\u00e1 vonatkoz\u00f3 szem\u00e9lyes adatok kezel\u00e9s\u00e9nek korl\u00e1toz\u00e1s\u00e1t az al\u00e1bbi esetekben:<br \/>\n&#8211; aggodalma mer\u00fcl fel az \u00e1ltalunk kezelt, r\u00e1 vonatkoz\u00f3 szem\u00e9lyes adatok kezel\u00e9s\u00e9nek<br \/>\njogszer\u0171s\u00e9ge tekintet\u00e9ben \u00e9s az adatok t\u00f6rl\u00e9se helyett k\u00e9ri a korl\u00e1toz\u00e1st;<br \/>\n&#8211; a tov\u00e1bbiakban m\u00e1r nincs sz\u00fcks\u00e9g\u00fcnk az adott adatokra, de a Felhaszn\u00e1l\u00f3 ig\u00e9nyli azokat jogi<br \/>\nig\u00e9nyek el\u0151terjeszt\u00e9s\u00e9hez, \u00e9rv\u00e9nyes\u00edt\u00e9s\u00e9hez vagy v\u00e9delm\u00e9hez.<br \/>\nAutomatikusan korl\u00e1tozzuk a szem\u00e9lyes adatok kezel\u00e9s\u00e9t abban az esetben, ha a Felhaszn\u00e1l\u00f3 vitatja a<br \/>\nszem\u00e9lyes adatok pontoss\u00e1g\u00e1t, illetve, ha a Felhaszn\u00e1l\u00f3 tiltakoz\u00e1shoz val\u00f3 jog\u00e1t gyakorolja. Ez esetben<br \/>\na korl\u00e1toz\u00e1s arra az id\u0151tartamra vonatkozik, amely lehet\u0151v\u00e9 teszi, a szem\u00e9lyes adatok pontoss\u00e1g\u00e1nak<br \/>\nellen\u0151rz\u00e9s\u00e9t, illetve \u2013 tiltakoz\u00e1s eset\u00e9n \u2013 annak meg\u00e1llap\u00edt\u00e1s\u00e1t, hogy fenn\u00e1llnak- e az adatkezel\u00e9s<br \/>\nfolytat\u00e1s\u00e1nak fel\u00e9telei.<br \/>\nA korl\u00e1toz\u00e1s ideje alatt a megjel\u00f6lt szem\u00e9lyes adatokon adatkezel\u00e9si m\u0171veletek nem v\u00e9gezhet\u0151k, csak<br \/>\nt\u00e1rolni lehet az adatokat. A szem\u00e9lyes adatokat az adatkezel\u00e9s korl\u00e1toz\u00e1sa eset\u00e9n kiz\u00e1r\u00f3lag az al\u00e1bbi<br \/>\nesetekben lehet kezelni:<br \/>\n&#8211; az \u00e9rintett hozz\u00e1j\u00e1rul\u00e1sa alapj\u00e1n;<br \/>\n&#8211; jogi ig\u00e9nyek el\u0151terjeszt\u00e9se, \u00e9rv\u00e9nyes\u00edt\u00e9se vagy v\u00e9delme;<br \/>\n&#8211; m\u00e1s term\u00e9szetes vagy jogi szem\u00e9ly jogainak v\u00e9delme;<br \/>\n&#8211; fontos k\u00f6z\u00e9rdek.<br \/>\nA korl\u00e1toz\u00e1s felold\u00e1s\u00e1r\u00f3l el\u0151zetesen t\u00e1j\u00e9koztatjuk a Felhaszn\u00e1l\u00f3kat.<br \/>\n21<br \/>\nAdathordozhat\u00f3s\u00e1g<br \/>\nA Felhaszn\u00e1l\u00f3 \u2013 el\u00e9rhet\u0151s\u00e9geinken kereszt\u00fcl beny\u00fajtott k\u00e9relem alapj\u00e1n \u2013 jogosult k\u00e9rni az \u00e1ltalunk<br \/>\nkezelt, r\u00e1 vonatkoz\u00f3 szem\u00e9lyes adatok rendelkez\u00e9sre bocs\u00e1t\u00e1s\u00e1t azok tov\u00e1bbi, Felhaszn\u00e1l\u00f3 \u00e1ltal<br \/>\nmeghat\u00e1rozott felhaszn\u00e1l\u00e1sa \u00e9rdek\u00e9ben. Emellett a Felhaszn\u00e1l\u00f3 k\u00e9rheti azt is, hogy egy \u00e1ltala megjel\u00f6lt<br \/>\nm\u00e1sik adatkezel\u0151 r\u00e9sz\u00e9re tov\u00e1bb\u00edtsuk a szem\u00e9lyes adatait.<br \/>\nE jogosults\u00e1g kiz\u00e1r\u00f3lag a Felhaszn\u00e1l\u00f3 \u00e1ltal rendelkez\u00e9s\u00fcnkre bocs\u00e1tott, szerz\u0151d\u00e9se teljes\u00edt\u00e9se<br \/>\n\u00e9rdek\u00e9ben kezelt szem\u00e9lyes adatokra korl\u00e1toz\u00f3dik. Egy\u00e9b adatok hordozhat\u00f3s\u00e1g\u00e1ra lehet\u0151s\u00e9g nincs. A<br \/>\nszem\u00e9lyes adatokat tagolt, sz\u00e9les k\u00f6rben haszn\u00e1lt, sz\u00e1m\u00edt\u00f3g\u00e9ppel olvashat\u00f3 form\u00e1tumban (PDF\/XML),<br \/>\nilletve annak kinyomtatott v\u00e1ltozat\u00e1ban, pap\u00edr alapon bocs\u00e1tjuk a Felhaszn\u00e1l\u00f3 rendelkez\u00e9sre.<br \/>\nT\u00e1j\u00e9koztatjuk a Felhaszn\u00e1l\u00f3t arr\u00f3l, hogy e jog gyakorl\u00e1sa nem j\u00e1r automatikusan a szem\u00e9lyes adatok<br \/>\nrendszereinkb\u0151l val\u00f3 t\u00f6rl\u00e9s\u00e9vel. Emellett a Felhaszn\u00e1l\u00f3 az adatok hordoz\u00e1s\u00e1t k\u00f6vet\u0151en is jogosult a<br \/>\nvel\u00fcnk t\u00f6rt\u00e9n\u0151 ism\u00e9telt kapcsolatfelv\u00e9telre vagy kapcsolattart\u00e1sra.<br \/>\nTiltakoz\u00e1s<br \/>\nA Felhaszn\u00e1l\u00f3 \u2013 el\u00e9rhet\u0151s\u00e9geinken kereszt\u00fcl beny\u00fajtott k\u00e9relem alapj\u00e1n \u2013 b\u00e1rmikor tiltakozhat a<br \/>\nszem\u00e9lyes adatai regisztr\u00e1ci\u00f3 c\u00e9lj\u00e1b\u00f3l t\u00f6rt\u00e9n\u0151 kezel\u00e9se ellen. Ebben az esetben az Adatkezel\u0151<br \/>\nmegvizsg\u00e1lja, hogy az adatkezel\u00e9st olyan k\u00e9nyszer\u00edt\u0151 erej\u0171 jogos okok indokolj\u00e1k-e, amelyek<br \/>\nels\u0151bbs\u00e9get \u00e9lveznek a Felhaszn\u00e1l\u00f3 \u00e9rdekeivel, jogaival \u00e9s szabads\u00e1gaival szemben, vagy amelyek<br \/>\njogi ig\u00e9nyek el\u0151terjeszt\u00e9s\u00e9hez, \u00e9rv\u00e9nyes\u00edt\u00e9s\u00e9hez vagy v\u00e9delm\u00e9hez kapcsol\u00f3dnak. Amennyiben azt<br \/>\n\u00e1llap\u00edtjuk meg, hogy ilyen okok fenn\u00e1llnak, a szem\u00e9lyes adatok kezel\u00e9s\u00e9t folytatjuk. Ellenkez\u0151 esetben<br \/>\na szem\u00e9lyes adatokat tov\u00e1bb nem kezelj\u00fck.<br \/>\n22<\/p>\n<\/div><\/div><\/div><\/div><\/div><\/p>\n","protected":false},"excerpt":{"rendered":"","protected":false},"author":1,"featured_media":0,"parent":0,"menu_order":70,"comment_status":"closed","ping_status":"closed","template":"","meta":{"_bbp_topic_count":0,"_bbp_reply_count":0,"_bbp_total_topic_count":0,"_bbp_total_reply_count":0,"_bbp_voice_count":0,"_bbp_anonymous_reply_count":0,"_bbp_topic_count_hidden":0,"_bbp_reply_count_hidden":0,"_bbp_forum_subforum_count":0,"footnotes":"","_wp_rev_ctl_limit":""},"class_list":["post-5261","page","type-page","status-publish","hentry"],"_links":{"self":[{"href":"https:\/\/www.helpfordesk.com\/hu\/wp-json\/wp\/v2\/pages\/5261","targetHints":{"allow":["GET"]}}],"collection":[{"href":"https:\/\/www.helpfordesk.com\/hu\/wp-json\/wp\/v2\/pages"}],"about":[{"href":"https:\/\/www.helpfordesk.com\/hu\/wp-json\/wp\/v2\/types\/page"}],"author":[{"embeddable":true,"href":"https:\/\/www.helpfordesk.com\/hu\/wp-json\/wp\/v2\/users\/1"}],"replies":[{"embeddable":true,"href":"https:\/\/www.helpfordesk.com\/hu\/wp-json\/wp\/v2\/comments?post=5261"}],"version-history":[{"count":6,"href":"https:\/\/www.helpfordesk.com\/hu\/wp-json\/wp\/v2\/pages\/5261\/revisions"}],"predecessor-version":[{"id":19599,"href":"https:\/\/www.helpfordesk.com\/hu\/wp-json\/wp\/v2\/pages\/5261\/revisions\/19599"}],"wp:attachment":[{"href":"https:\/\/www.helpfordesk.com\/hu\/wp-json\/wp\/v2\/media?parent=5261"}],"curies":[{"name":"wp","href":"https:\/\/api.w.org\/{rel}","templated":true}]}}