{"id":6537,"date":"2023-01-31T20:29:43","date_gmt":"2023-01-31T19:29:43","guid":{"rendered":"https:\/\/www.helpfordesk.com\/hu\/?post_type=avada_faq&#038;p=6537"},"modified":"2023-03-23T12:17:35","modified_gmt":"2023-03-23T11:17:35","slug":"hogyan-hat-a-gdpr-a-vallalkozasokra-es-szervezetekre","status":"publish","type":"avada_faq","link":"https:\/\/www.helpfordesk.com\/hu\/faq-items\/hogyan-hat-a-gdpr-a-vallalkozasokra-es-szervezetekre\/","title":{"rendered":"Hogyan hat a GDPR a v\u00e1llalkoz\u00e1sokra \u00e9s szervezetekre?"},"content":{"rendered":"<p>Az \u00c1ltal\u00e1nos Adatv\u00e9delmi Rendelet (GDPR) egy \u00faj szab\u00e1lyrendszer, amelynek c\u00e9lja az Eur\u00f3pai Uni\u00f3 polg\u00e1rai szem\u00e9lyes adatainak v\u00e9delme. Minden olyan v\u00e1llalkoz\u00e1st \u00e9s szervezetet \u00e9rint, amely uni\u00f3s polg\u00e1rokt\u00f3l adatokat gy\u0171jt, dolgoz fel vagy t\u00e1rol. A GDPR megk\u00f6veteli a szervezetekt\u0151l, hogy szigor\u00fa el\u0151\u00edr\u00e1sokat tartsanak be a szem\u00e9lyes adatok kezel\u00e9s\u00e9re, t\u00e1rol\u00e1s\u00e1ra \u00e9s feldolgoz\u00e1s\u00e1ra vonatkoz\u00f3an. A v\u00e1llalatoknak gondoskodniuk kell arr\u00f3l, hogy megfelel\u0151 int\u00e9zked\u00e9sekkel v\u00e9dj\u00e9k \u00fcgyfeleik mag\u00e1n\u00e9let\u00e9t, bele\u00e9rtve a megfelel\u0151 biztons\u00e1gi int\u00e9zked\u00e9seket \u00e9s elj\u00e1r\u00e1sokat az adatv\u00e9delmi incidensek kezel\u00e9s\u00e9re. Ezen t\u00falmen\u0151en a v\u00e1llalatoknak \u00e1tl\u00e1that\u00f3nak kell lenni\u00fck az \u00fcgyfelek adatainak felhaszn\u00e1l\u00e1s\u00e1val kapcsolatban, \u00e9s k\u00e9r\u00e9sre hozz\u00e1f\u00e9r\u00e9st kell biztos\u00edtaniuk az \u00fcgyfeleknek saj\u00e1t inform\u00e1ci\u00f3ikhoz. A szervezeteknek emellett be kell tartaniuk a GDPR azon k\u00f6vetelm\u00e9ny\u00e9t, hogy szem\u00e9lyes adataik gy\u0171jt\u00e9se vagy felhaszn\u00e1l\u00e1sa el\u0151tt kifejezett hozz\u00e1j\u00e1rul\u00e1st kell k\u00e9rni\u00fck az \u00fcgyfelekt\u0151l.<\/p>\n","protected":false},"excerpt":{"rendered":"<p>Az \u00c1ltal\u00e1nos Adatv\u00e9delmi Rendelet (GDPR) egy \u00faj szab\u00e1lyrendszer, amelynek c\u00e9lja az Eur\u00f3pai Uni\u00f3 polg\u00e1rai szem\u00e9lyes  [&#8230;]<\/p>\n","protected":false},"author":1,"featured_media":0,"menu_order":502,"comment_status":"open","ping_status":"closed","template":"","format":"standard","meta":{"_bbp_topic_count":0,"_bbp_reply_count":0,"_bbp_total_topic_count":0,"_bbp_total_reply_count":0,"_bbp_voice_count":0,"_bbp_anonymous_reply_count":0,"_bbp_topic_count_hidden":0,"_bbp_reply_count_hidden":0,"_bbp_forum_subforum_count":0,"footnotes":"","_wp_rev_ctl_limit":""},"faq_category":[37],"class_list":["post-6537","avada_faq","type-avada_faq","status-publish","format-standard","hentry","faq_category-gdpr-megfeleloseg"],"_links":{"self":[{"href":"https:\/\/www.helpfordesk.com\/hu\/wp-json\/wp\/v2\/avada_faq\/6537","targetHints":{"allow":["GET"]}}],"collection":[{"href":"https:\/\/www.helpfordesk.com\/hu\/wp-json\/wp\/v2\/avada_faq"}],"about":[{"href":"https:\/\/www.helpfordesk.com\/hu\/wp-json\/wp\/v2\/types\/avada_faq"}],"author":[{"embeddable":true,"href":"https:\/\/www.helpfordesk.com\/hu\/wp-json\/wp\/v2\/users\/1"}],"replies":[{"embeddable":true,"href":"https:\/\/www.helpfordesk.com\/hu\/wp-json\/wp\/v2\/comments?post=6537"}],"version-history":[{"count":0,"href":"https:\/\/www.helpfordesk.com\/hu\/wp-json\/wp\/v2\/avada_faq\/6537\/revisions"}],"wp:attachment":[{"href":"https:\/\/www.helpfordesk.com\/hu\/wp-json\/wp\/v2\/media?parent=6537"}],"wp:term":[{"taxonomy":"faq_category","embeddable":true,"href":"https:\/\/www.helpfordesk.com\/hu\/wp-json\/wp\/v2\/faq_category?post=6537"}],"curies":[{"name":"wp","href":"https:\/\/api.w.org\/{rel}","templated":true}]}}